    {"id":6488,"date":"2024-06-19T11:50:55","date_gmt":"2024-06-19T09:50:55","guid":{"rendered":"https:\/\/dev.dignitas.bertastrasse1.ch\/?page_id=6488"},"modified":"2025-02-10T17:13:34","modified_gmt":"2025-02-10T16:13:34","slug":"presence-des-proches","status":"publish","type":"page","link":"https:\/\/dignitas.ch\/fr\/suicide-accompagne\/presence-des-proches\/","title":{"rendered":"Pr\u00e9sence des proches"},"content":{"rendered":"\n<p>DIGNITAS souhaite que les proches soient pr\u00e9sents lors d\u2019un suicide assist\u00e9. <strong>Il faudrait de toute mani\u00e8re que les proches soient associ\u00e9s en temps utile \u00e0 la d\u00e9cision de recourir au suicide accompagn\u00e9. <\/strong>S\u2019ils peuvent se faire \u00e0 cette id\u00e9e suffisamment t\u00f4t, ils seront aussi plus facilement en mesure d\u2019accepter qu\u2019une personne qui leur est ch\u00e8re mette fin \u00e0 ses jours. Quiconque quitte ce monde \u00ab\u00a0subrepticement\u00a0\u00bb, \u00e0 l\u2019insu de ses proches, leur inflige une blessure. Souvent, la personne qui agit ainsi provoque la col\u00e8re des proches envers DIGNITAS, ce qui est injuste. <\/p>\n\n\n\n<p>DIGNITAS est d\u2019avis que les proches ont le droit de pouvoir faire leurs adieux \u00e0 celle ou celui qui leur est cher. Ils doivent pouvoir d\u00e9cider d\u2019\u00eatre pr\u00e9sents ou non lors du suicide assist\u00e9. La possibilit\u00e9 de faire ses adieux \u00e0 la personne aim\u00e9e permet une s\u00e9paration paisible, les proches supportant plus ais\u00e9ment la perte subie.<\/p>\n","protected":false},"excerpt":{"rendered":"<p>DIGNITAS souhaite que les proches soient pr\u00e9sents lors d\u2019un suicide assist\u00e9. Il faudrait de toute mani\u00e8re que les proches soient associ\u00e9s en temps utile \u00e0 la d\u00e9cision de recourir au suicide accompagn\u00e9. S\u2019ils peuvent se faire \u00e0 cette id\u00e9e suffisamment t\u00f4t, ils seront aussi plus facilement en mesure d\u2019accepter qu\u2019une personne qui leur est ch\u00e8re [&hellip;]<\/p>\n","protected":false},"author":5,"featured_media":0,"parent":6471,"menu_order":0,"comment_status":"closed","ping_status":"closed","template":"","meta":{"_acf_changed":false,"_editorskit_title_hidden":false,"_editorskit_reading_time":0,"_editorskit_is_block_options_detached":false,"_editorskit_block_options_position":"{}","footnotes":""},"class_list":["post-6488","page","type-page","status-publish","hentry"],"acf":[],"_links":{"self":[{"href":"https:\/\/dignitas.ch\/fr\/wp-json\/wp\/v2\/pages\/6488","targetHints":{"allow":["GET"]}}],"collection":[{"href":"https:\/\/dignitas.ch\/fr\/wp-json\/wp\/v2\/pages"}],"about":[{"href":"https:\/\/dignitas.ch\/fr\/wp-json\/wp\/v2\/types\/page"}],"author":[{"embeddable":true,"href":"https:\/\/dignitas.ch\/fr\/wp-json\/wp\/v2\/users\/5"}],"replies":[{"embeddable":true,"href":"https:\/\/dignitas.ch\/fr\/wp-json\/wp\/v2\/comments?post=6488"}],"version-history":[{"count":2,"href":"https:\/\/dignitas.ch\/fr\/wp-json\/wp\/v2\/pages\/6488\/revisions"}],"predecessor-version":[{"id":6490,"href":"https:\/\/dignitas.ch\/fr\/wp-json\/wp\/v2\/pages\/6488\/revisions\/6490"}],"up":[{"embeddable":true,"href":"https:\/\/dignitas.ch\/fr\/wp-json\/wp\/v2\/pages\/6471"}],"wp:attachment":[{"href":"https:\/\/dignitas.ch\/fr\/wp-json\/wp\/v2\/media?parent=6488"}],"curies":[{"name":"wp","href":"https:\/\/api.w.org\/{rel}","templated":true}]}}