    {"id":1563,"date":"2023-09-11T11:28:10","date_gmt":"2023-09-11T09:28:10","guid":{"rendered":"https:\/\/dev.dignitas.bertastrasse1.ch\/verein\/zitate\/"},"modified":"2026-04-01T11:02:32","modified_gmt":"2026-04-01T09:02:32","slug":"citations","status":"publish","type":"page","link":"https:\/\/dignitas.ch\/fr\/citations\/","title":{"rendered":"Citations du mois"},"content":{"rendered":"\n<p><\/p>\n\n\n\n<h5 class=\"wp-block-heading has-text-align-center\">Avril 2026<\/h5>\n\n\n\n<p class=\"has-text-align-center\">\u00ab&nbsp;Beaucoup l\u2019ignorent, mais l\u2019assistance au suicide n\u2019est l\u00e9galement pas r\u00e9serv\u00e9e aux associations. N\u2019importe quel m\u00e9decin disposant du droit de pratique peut prescrire le pentobarbital. Certains m\u00e9decins de famille le font d\u2019ailleurs directement pour leurs patients. Cependant, le m\u00e9decin traitant n\u2019a aucune obligation de le faire. Prescrire la substance l\u00e9tale engage intimement le praticien. Souvent, m\u00eame s\u2019il soutient son patient en r\u00e9digeant le certificat requis, il pr\u00e9f\u00e8re s\u2019abstenir de l\u2019acte de prescription final et s\u2019en remettra aux m\u00e9decins-conseils qui travaillent avec les associations. Cette d\u00e9pendance envers une poign\u00e9e de prescripteurs cr\u00e9e des goulots d\u2019\u00e9tranglement.&nbsp;\u00bb<\/p>\n\n\n\n<p class=\"has-text-align-center\">Samia Hurst, <br>Bio\u00e9thicienne <\/p>\n\n\n\n<p class=\"has-text-align-center\">Dans\u00a0: \u00ab\u00a0\u2039\u00a0L\u2019assistance au suicide et les soins palliatifs sont compatibles\u00a0\u203a\u00a0\u00bb, <br>Le Matin Dimanche, 29.3.26<\/p>\n\n\n\n<hr class=\"wp-block-separator has-alpha-channel-opacity\"\/>\n\n\n\n<h5 class=\"wp-block-heading has-text-align-center\">Mars 2026<\/h5>\n\n\n\n<p class=\"has-text-align-center\">\u00ab&nbsp;Mon engagement au sein du gouvernement est peut-\u00eatre principalement d\u00fb \u00e0 cela, c\u2019est-\u00e0-dire faire en sorte que nous allions au bout de ce texte, a-t-il confi\u00e9. Ma conviction, c\u2019est qu\u2019il faut que cette nouvelle libert\u00e9 soit r\u00e9alit\u00e9 rapidement&nbsp;\u00bb.<\/p>\n\n\n\n<p class=\"has-text-align-center\">Laurent Panifous, <br>ministre des Relations avec le Parlement<\/p>\n\n\n\n<p class=\"has-text-align-center\">Dans&nbsp;: \u00ab&nbsp;Fin de vie&nbsp;: consensus sur les soins palliatifs, rejet de l\u2019\u2039&nbsp;aide \u00e0 mourir&nbsp;\u203a <br>et acc\u00e9l\u00e9ration du calendrier, malgr\u00e9 des divisions toujours plus fortes&nbsp;\u00bb,<br>Le Figaro, 29.1.26<\/p>\n\n\n\n<hr class=\"wp-block-separator has-alpha-channel-opacity\"\/>\n\n\n\n<h5 class=\"wp-block-heading has-text-align-center\">F\u00e9vrier 2026<\/h5>\n\n\n\n<p class=\"has-text-align-center\">\u00ab&nbsp;[\u2026] finalement, deux personnes qui parlent de la fin de vie, c\u2019est aussi deux personnes qui parlent de la vie, donc les discussions n\u2019\u00e9taient pas si tristes que \u00e7a [\u2026] C\u2019est difficile pour tout le monde d\u2019avoir cette discussion avec ses proches, parce qu\u2019on a peur de blesser les autres, de dire des choses qui font mal ou qui d\u00e9stabilisent les autres. \u00bb<\/p>\n\n\n\n<p class=\"has-text-align-center\">Ma\u00e9 Biedermann, <br>cr\u00e9ateur du podcast <a href=\"https:\/\/www.generations-plus.ch\/podcasts\/radar-podcast\/\" target=\"_blank\" rel=\"noreferrer noopener\">\u00ab&nbsp;C\u2019est pas la mort&nbsp;\u00bb<\/a><\/p>\n\n\n\n<p class=\"has-text-align-center\">Dans&nbsp;: <a href=\"https:\/\/www.rfj.ch\/rfj\/Actualite\/Region\/20260118-Penser-a-la-fin-de-vie-c-est-pas-la-mort.html\" target=\"_blank\" rel=\"noreferrer noopener\">\u00ab&nbsp;Penser \u00e0 la fin de vie, \u2039 c\u2019est pas la mort \u203a&nbsp;\u00bb<\/a>, <br>RFJ, 18.1.26<\/p>\n\n\n\n<hr class=\"wp-block-separator has-alpha-channel-opacity\"\/>\n\n\n\n<h5 class=\"wp-block-heading has-text-align-center\">Janvier 2026<\/h5>\n\n\n\n<p class=\"has-text-align-center\">\u00ab&nbsp;\u00c7a se passe bien avec mes proches. Tout le monde s\u2019y pr\u00e9pare tranquillement et \u00e7a se fait dans le calme et dans la s\u00e9r\u00e9nit\u00e9. On a eu du temps pour tous s\u2019y faire, j\u2019ai pris le temps de discuter avec eux pr\u00e9parer au mieux la fin d\u2019ann\u00e9e. Il y a beaucoup de monde qui souhaite me voir, comme la date approche.&nbsp;\u00bb<\/p>\n\n\n\n<p class=\"has-text-align-center\">Sally Barollet, <br>atteinte d\u2019une maladie incurable <\/p>\n\n\n\n<p class=\"has-text-align-center\">Dans&nbsp;: <a href=\"https:\/\/france3-regions.franceinfo.fr\/bourgogne-franche-comte\/cote-d-or\/dijon\/atteinte-d-une-maladie-incurable-elle-a-recours-au-suicide-assiste-a-27-ans-et-vit-ses-derniers-moments-j-attends-ca-avec-impatience-3242317.html\" target=\"_blank\" rel=\"noreferrer noopener\">\u00ab&nbsp;Atteinte d\u2019une maladie incurable, elle a recours au suicide assist\u00e9 <\/a><br><a href=\"https:\/\/france3-regions.franceinfo.fr\/bourgogne-franche-comte\/cote-d-or\/dijon\/atteinte-d-une-maladie-incurable-elle-a-recours-au-suicide-assiste-a-27-ans-et-vit-ses-derniers-moments-j-attends-ca-avec-impatience-3242317.html\" target=\"_blank\" rel=\"noreferrer noopener\">\u00e0 27 ans et vit ses derniers moments : \u2039 j\u2019attends \u00e7a avec impatience \u203a&nbsp;\u00bb<\/a>, <br>Franceinfo, 3.11.25 <\/p>\n\n\n\n<hr class=\"wp-block-separator has-alpha-channel-opacity\"\/>\n\n\n\n<h5 class=\"wp-block-heading has-text-align-center\">D\u00e9cembre 2025<\/h5>\n\n\n\n<p class=\"has-text-align-center\"><em>L\u2019assistance au suicide a \u00e9galement \u00e9t\u00e9 th\u00e9matis\u00e9e [dans la session des jeunes]. Pourquoi?<\/em><br>Ce n\u2019est pas une pr\u00e9occupation r\u00e9serv\u00e9e \u00e0 nos grands-parents. La soci\u00e9t\u00e9 vieillit et l\u2019assistance au suicide augmente. Des jeunes peuvent avoir des personnes dans leur famille qui sont concern\u00e9es. La session met le doigt sur le fait que toute la soci\u00e9t\u00e9 doit \u00eatre accompagn\u00e9e \u00e0 cette nouvelle probl\u00e9matique. Elle demande au Conseil f\u00e9d\u00e9ral de lancer une campagne d\u2019information, en particulier \u00e0 l\u2019intention des jeunes, pour aborder la question d\u2019un point de vue \u00e9thique, \u00e9motionnel et juridique.<\/p>\n\n\n\n<p class=\"has-text-align-center\">Aina Waeber, <br>responsable de la communication du Conseil suisse des activit\u00e9s de jeunesse (CSAJ)<\/p>\n\n\n\n<p class=\"has-text-align-center\">Dans&nbsp;: \u00ab&nbsp;Faire entendre sa voix&nbsp;\u00bb, <br>lecourrier.ch, 10.11.25<\/p>\n\n\n\n<hr class=\"wp-block-separator has-alpha-channel-opacity\"\/>\n\n\n\n<h5 class=\"wp-block-heading has-text-align-center\">Novembre 2025<\/h5>\n\n\n\n<p class=\"has-text-align-center\">\u00ab Aujourd\u2019hui, ils me demandent d\u2019expliquer aux pr\u00eatres l\u2019accompagnement que je pratique. L\u2019\u00e9v\u00eaque d\u2019Anvers a m\u00eame d\u00e9clar\u00e9 publiquement il y a quelques mois qu\u2019il \u00e9tait des circonstances o\u00f9 l\u2019on n\u2019\u00e9chappe pas \u00e0 l\u2019euthanasie. Cela veut dire qu\u2019il y a des nuances, m\u00eame dans l\u2019\u00c9glise officielle. \u00bb <\/p>\n\n\n\n<p class=\"has-text-align-center\">Gabriel Ringlet, <br>\u00e9crivain, po\u00e8te, pr\u00eatre et th\u00e9ologien belge, membre de l\u2019Acad\u00e9mie royale de Belgique<\/p>\n\n\n\n<p class=\"has-text-align-center\">Dans : <a href=\"https:\/\/www.cath.ch\/newsf\/gabriel-ringlet-jamais-la-soif-spirituelle-et-rituelle-na-ete-aussi-grande\/\" target=\"_blank\" rel=\"noreferrer noopener\">\u00ab Gabriel Ringlet : \u2039 Jamais la soif spirituelle et rituelle n&rsquo;a \u00e9t\u00e9 aussi grande \u203a \u00bb<\/a>, <br>cath.ch, 29.8.25<\/p>\n\n\n\n<hr class=\"wp-block-separator has-alpha-channel-opacity\"\/>\n\n\n\n<h5 class=\"wp-block-heading has-text-align-center\">Octobre 2025<\/h5>\n\n\n\n<p class=\"has-text-align-center\">\u00ab La plupart des personnes qui sont contre l\u2019euthanasie&nbsp;sont des personnes qui ne sont pas renseign\u00e9es. \u00bb<\/p>\n\n\n\n<p class=\"has-text-align-center\">Adeline Rosa-Perotteau, <br>femme qui a accompagn\u00e9&nbsp;son beau-p\u00e8re atteint de la maladie de Charcot<\/p>\n\n\n\n<p class=\"has-text-align-center\">Dans: \u00ab J&rsquo;ai accompagn\u00e9 mon beau-p\u00e8re vers l\u2019euthanasie volontaire&nbsp;et voici pourquoi \u00e7a a \u00e9t\u00e9 une chance \u00bb,&nbsp;<br><a href=\"https:\/\/www.mariefrance.fr\/actualite\/societe\/jai-accompagne-mon-beau-pere-vers-leuthanasie-volontaire-et-voici-pourquoi-ca-a-ete-une-chance-1199475.html\" target=\"_blank\" rel=\"noreferrer noopener\">Marie France<\/a>, 9.9.25<\/p>\n\n\n\n<hr class=\"wp-block-separator has-alpha-channel-opacity\"\/>\n\n\n\n<h5 class=\"wp-block-heading has-text-align-center\">Septembre 2025<\/h5>\n\n\n\n<p class=\"has-text-align-center\">\u00ab Si la souffrance arrive, je contournerai la loi ! Ne vous inqui\u00e9tez pas,&nbsp;\u00e0 la Jonch\u00e8re, on sait y faire ! C\u2019est d\u00e9cid\u00e9, sans loi :&nbsp;je mourrai en r\u00e9sistante [\u2026] Je serais entour\u00e9e de tous&nbsp;mes proches, il faut que \u00e7a soit joyeux. \u00bb<\/p>\n\n\n\n<p class=\"has-text-align-center\">Line Renaud, <br>chanteuse et actrice<\/p>\n\n\n\n<p class=\"has-text-align-center\">Dans : <a href=\"https:\/\/www.nextplz.fr\/people\/497394-line-renaud-ecarte-encore-les-jambes-a-97-ans-et-elle-na-rien-perdu-de-sa-souplesse\" target=\"_blank\" rel=\"noreferrer noopener\">\u00ab Line Renaud \u00e9carte encore les jambes \u00e0 97 ans,&nbsp;et elle n&rsquo;a rien perdu de sa souplesse \u00bb<\/a>,<br>Nextplz.fr, 2.7.25<\/p>\n\n\n\n<hr class=\"wp-block-separator has-alpha-channel-opacity\"\/>\n\n\n\n<h5 class=\"wp-block-heading has-text-align-center\">Ao\u00fbt 2025<\/h5>\n\n\n\n<p class=\"has-text-align-center\">\u00ab Le d\u00e9bat avec la religion ne me concerne pas, je suis ath\u00e9e. Personne ne&nbsp;m\u2019a dit quand je devais arriver, on ne me dira pas quand je dois partir.&nbsp;Je trouve tr\u00e8s sain de pouvoir d\u00e9cider \u00bb.<\/p>\n\n\n\n<p class=\"has-text-align-center\">Antoine de Caunes,&nbsp;<br>Animateur de radio et acteur<\/p>\n\n\n\n<p class=\"has-text-align-center\">Dans : \u00ab Antoine De Caunes explique avoir parl\u00e9 de sa fin de vie&nbsp;avec ses enfants pour ne pas devenir un \u2039 fardeau \u203a \u00bb,&nbsp;<br><a href=\"https:\/\/www.programme-television.org\/news\/people\/vie-privee\/antoine-de-caunes-explique-avoir-parle-de-sa-fin-de-vie-avec-ses-enfants-pour-ne-pas-devenir-un-fardeau-4743272\" target=\"_blank\" rel=\"noreferrer noopener\">Programme TV<\/a>, 18.7.25<\/p>\n\n\n\n<hr class=\"wp-block-separator has-alpha-channel-opacity\"\/>\n\n\n\n<h5 class=\"wp-block-heading has-text-align-center\">Juillet 2025<\/h5>\n\n\n\n<p class=\"has-text-align-center\">\u00ab [Mettre fin \u00e0 ses jours, qu\u2019importe la m\u00e9thode] c&rsquo;est \u00e0 peu pr\u00e8s la m\u00eame chose. Il s\u2019agit d\u2019une d\u00e9cision  importante et difficile \u00e0 prendre. Choisir de ne plus vivre, ce n\u2019est pas simple et \u00e7a ne l&rsquo;est \u00e0 aucun moment de la vie. \u00bb <\/p>\n\n\n\n<p class=\"has-text-align-center\">Anne<\/p>\n\n\n\n<p class=\"has-text-align-center\">Dans : <a href=\"https:\/\/www.rts.ch\/info\/societe\/2025\/article\/le-suicide-des-seniors-assiste-ou-non-augmente-en-suisse-28917948.html\" target=\"_blank\" rel=\"noreferrer noopener\">\u00ab Le suicide des seniors, assist\u00e9 ou non, augmente en Suisse \u00bb<\/a>, <br>rts.ch, 23.6.25<\/p>\n\n\n\n<hr class=\"wp-block-separator has-alpha-channel-opacity\"\/>\n\n\n\n<h5 class=\"wp-block-heading has-text-align-center\">Juin 2025<\/h5>\n\n\n\n<p class=\"has-text-align-center\">\u00ab&nbsp;L\u2019heure est \u00e0 la joie pour celles et ceux d\u2019entre nous qui per\u00e7oivent l\u2019espoir d\u2019une fin de vie maitris\u00e9e, \u00e9pargn\u00e9e des souffrances inapaisables et des agonies inutiles.&nbsp;\u00bb <\/p>\n\n\n\n<p class=\"has-text-align-center\">Jonathan Denis, <br>Pr\u00e9sident de l\u2019ADMD<\/p>\n\n\n\n<p class=\"has-text-align-center\">Dans&nbsp;: <a href=\"https:\/\/www.admd.org\/articles\/communiques\/fin-de-vie-vote-historique-lassemblee-nationale.html\" target=\"_blank\" rel=\"noreferrer noopener\">\u00ab&nbsp;Fin de vie : vote historique \u00e0 l&rsquo;Assembl\u00e9e nationale \u00bb<\/a>, <br>Communiqu\u00e9 ADMD, 27.5.25<\/p>\n\n\n\n<hr class=\"wp-block-separator has-alpha-channel-opacity\"\/>\n\n\n\n<h5 class=\"wp-block-heading has-text-align-center\">Mai 2025<\/h5>\n\n\n\n<p class=\"has-text-align-center\">\u00ab Mon argument consistait \u00e0 dire: \u2039 Ne restez pas seuls avec vos pens\u00e9es suicidaires, ce n\u2019est pas un probl\u00e8me individuel, mais un probl\u00e8me de sant\u00e9 publique, la soci\u00e9t\u00e9 doit s\u2019en saisir pour faire de la pr\u00e9vention \u203a. \u00bb<\/p>\n\n\n\n<p class=\"has-text-align-center\">Fabienne Bugnon,<br>marraine Stop Suicide<\/p>\n\n\n\n<p class=\"has-text-align-center\">Dans : \u00ab Anniversaire \u00e0 Gen\u00e8ve: Stop Suicide c\u00e9l\u00e8bre 25 ans de pr\u00e9vention aupr\u00e8s des jeunes \u00bb, <br><a href=\"https:\/\/www.tdg.ch\/geneve-stop-suicide-celebre-ses-25-ans-de-prevention-438346082679\" target=\"_blank\" rel=\"noreferrer noopener\">TdG Gen\u00e8ve<\/a>, 25.4.25<\/p>\n\n\n\n<hr class=\"wp-block-separator has-alpha-channel-opacity\"\/>\n\n\n\n<h5 class=\"wp-block-heading has-text-align-center\">Avril 2025<\/h5>\n\n\n\n<p class=\"has-text-align-center\">\u00ab Ils [mes parents] avaient pr\u00e9par\u00e9 le terrain, mais quand leurs dossiers ont \u00e9t\u00e9 accept\u00e9s, tout s\u2019est av\u00e9r\u00e9 concret. \u00c7a a calm\u00e9 tout le monde. \u00bb<\/p>\n\n\n\n<p class=\"has-text-align-center\">Anne-Laure Mausner, <br>fille<\/p>\n\n\n\n<p class=\"has-text-align-center\">Dans : \u00ab Suicide assist\u00e9 : La douloureuse \u00e9preuve d\u2019un d\u00e9part simultan\u00e9 \u00bb<br><a href=\"https:\/\/riviera-chablais.ch\/la-douloureuse-epreuve-dun-depart-simultane\/\" target=\"_blank\" rel=\"noreferrer noopener\">Riviera Chablais<\/a>, 26.3.25<\/p>\n\n\n\n<hr class=\"wp-block-separator has-alpha-channel-opacity\"\/>\n\n\n\n<h5 class=\"wp-block-heading has-text-align-center\">Mars 2025<\/h5>\n\n\n\n<p class=\"has-text-align-center\">\u00ab Pour tous ceux qui souffrent et qui sont condamn\u00e9s, le suicide assist\u00e9 est la seule issue possible. Il faut que les politiques traitent ce sujet de fa\u00e7on plus humaine. \u00bb<\/p>\n\n\n\n<p class=\"has-text-align-center\">Pedro Almod\u00f3var, <br>r\u00e9alisateur, sc\u00e9nariste et producteur<\/p>\n\n\n\n<p class=\"has-text-align-center\">Dans : \u00ab Cin\u00e9ma : rencontre avec Pedro Almodovar, un cin\u00e9aste qui bouscule les tabous \u00bb, <br><a href=\"https:\/\/www.francetvinfo.fr\/culture\/cinema\/cinema-rencontre-avec-pedro-almodovar-un-cineaste-qui-bouscule-les-tabous_6994514.html\" target=\"_blank\" rel=\"noreferrer noopener\">France Info Culture<\/a>, 4.1.25<\/p>\n\n\n\n<hr class=\"wp-block-separator has-alpha-channel-opacity\"\/>\n\n\n\n<h5 class=\"wp-block-heading has-text-align-center\">F\u00e9vrier 2025<\/h5>\n\n\n\n<p class=\"has-text-align-center\">\u00ab C\u2019est d\u00e9j\u00e0 dur de mourir, mais alors mal mourir, c\u2019est double peine, la douleur des proches qui ont mal de vous voir esp\u00e9rer la mort &nbsp;[\u2026] Aller se suicider en Suisse n\u2019est pas le r\u00eave de ma fin de vie. Le voyage en voiture avec ma femme et mes deux enfants. Et savoir qu\u2019ils vont rentrer en France tous les trois, avec l\u2019urne fun\u00e9raire dans le coffre\u2026 Plus j\u2019y pense, moins j\u2019ai envie. \u00bb<\/p>\n\n\n\n<p class=\"has-text-align-center\">Charles Bi\u00e9try, <br>Journaliste Sportif<\/p>\n\n\n\n<p class=\"has-text-align-center\">Dans: \u00ab Aller se suicider en Suisse n\u2019est pas le r\u00eave de ma fin de vie \u00bb, <br><a href=\"https:\/\/www.lematin.ch\/story\/charles-bietry-aller-se-suicider-en-suisse-n-est-pas-le-reve-de-ma-fin-de-vie-103268479\" target=\"_blank\" rel=\"noreferrer noopener\">lematin.ch<\/a>, 27.1.25<\/p>\n\n\n\n<hr class=\"wp-block-separator has-alpha-channel-opacity\"\/>\n\n\n\n<h5 class=\"wp-block-heading has-text-align-center\">Janvier 2025<\/h5>\n\n\n\n<p class=\"has-text-align-center\">\u00ab Les personnes parlent-elles spontan\u00e9ment de leurs id\u00e9es suicidaires&nbsp;? En tant que soignants, nous abordons le sujet de mani\u00e8re tr\u00e8s directe en travaillant avec les personnes sur les deux mouvements qui coexistent en elles: d\u2019un c\u00f4t\u00e9, la souffrance et le d\u00e9sir d\u2019y mettre fin; de l\u2019autre, l&rsquo;espoir de trouver une solution. Consulter est d\u2019ailleurs d\u00e9j\u00e0 un signe d\u2019espoir. \u00bb<\/p>\n\n\n\n<p class=\"has-text-align-center\">Dr Laurent Michaud, M\u00e9decin cadre en psychiatrie de liaison au CHUV Lausanne<\/p>\n\n\n\n<p class=\"has-text-align-center\">Dans: \u00ab Pr\u00e9dire les comportements suicidaires est hasardeux \u00bb, <br><a href=\"https:\/\/lecourrier.ch\/2024\/09\/29\/predire-les-comportements-suicidaires-est-hasardeux\/\" target=\"_blank\" rel=\"noreferrer noopener\">Le Courrier<\/a>, 29.9.24<\/p>\n\n\n\n<hr class=\"wp-block-separator has-alpha-channel-opacity\"\/>\n\n\n\n<h5 class=\"wp-block-heading has-text-align-center\">D\u00e9cembre 2024<\/h5>\n\n\n\n<p class=\"has-text-align-center\">\u00ab Et tr\u00e8s vite il s\u2019est endormi, nous l\u2019avons couch\u00e9 sur le lit, ma fille et moi chacune de c\u00f4t\u00e9. Son c\u0153ur a arr\u00eat\u00e9 de battre apr\u00e8s environ 15 minutes. Il ne nous a pas quitt\u00e9es, il a quitt\u00e9 la maladie ! \u00bb<\/p>\n\n\n\n<p class=\"has-text-align-center\">Gabriela Gillet, <br>\u00c9pouse de feu Xavier<\/p>\n\n\n\n<p class=\"has-text-align-center\">Dans: \u00ab La promesse \u00bb, <br><a href=\"https:\/\/www.exit-romandie.ch\/files\/1731081868-bulletin-81-rectifie-5237.pdf\" target=\"_blank\" rel=\"noreferrer noopener\">Bulletin EXIT N\u00b0 81<\/a>, p. 13<\/p>\n\n\n\n<hr class=\"wp-block-separator has-alpha-channel-opacity\"\/>\n\n\n\n<h5 class=\"wp-block-heading has-text-align-center\">Novembre 2024<\/h5>\n\n\n\n<p class=\"has-text-align-center\">\u00ab Avant d\u2019\u00eatre vieux, j\u2019ai pris soin de bien vivre. Devenu vieux, je t\u00e2che de bien mourir. \u00bb<\/p>\n\n\n\n<p class=\"has-text-align-center\">S\u00e9n\u00e8que<\/p>\n\n\n\n<p class=\"has-text-align-center\">Lettre \u00e0 Lucilius, LXI, \u00ab Apprendre \u00e0 vivre \u00bb <br>(selon&nbsp;: Denis Labayle \u00ab Le m\u00e9decin, la libert\u00e9 et la mort \u00bb)<\/p>\n\n\n\n<hr class=\"wp-block-separator has-alpha-channel-opacity\"\/>\n\n\n\n<h5 class=\"wp-block-heading has-text-align-center\">Octobre 2024<\/h5>\n\n\n\n<p class=\"has-text-align-center\">\u00ab [&#8230;] J&rsquo;ai 58 ans, je n&rsquo;ai pas encore \u00e9t\u00e9 confront\u00e9e \u00e0 une probl\u00e9matique de fin de vie particuli\u00e8rement difficile autour de moi, mais je suis boulevers\u00e9e et r\u00e9volt\u00e9e par les t\u00e9moignages que je lis ici ou l\u00e0. Choisir sa fin de vie me para\u00eet \u00eatre une libert\u00e9 fondamentale, mais lorsque j&rsquo;ai \u00e9cout\u00e9 les d\u00e9bats lors de la commission sp\u00e9ciale charg\u00e9e de pr\u00e9parer la loi, j&rsquo;ai constat\u00e9 que cette \u00e9vidence n&rsquo;\u00e9tait pas partag\u00e9e par tout le monde. La dissolution de l&rsquo;Assembl\u00e9e nationale a mis un terme aux travaux en cours, je souhaite de tout coeur que le dossier avance \u00e0 nouveau pendant la l\u00e9gislature qui s&rsquo;ouvre, au-del\u00e0 des clivages politiques habituels. C&rsquo;est un sujet qui concerne chacune et chacun, au plus profond de notre intimit\u00e9, humanit\u00e9 et dignit\u00e9. \u00bb<\/p>\n\n\n\n<p class=\"has-text-align-center\">Isabelle Moussou, <br>Adh\u00e9rente de l&rsquo;ADMD<\/p>\n\n\n\n<p class=\"has-text-align-center\"><a href=\"https:\/\/www.admd.net\/articles\/temoignages\/jai-adhere-lassociation-pour-le-droit-de-mourir-dans-la-dignite-pour-apporter\" target=\"_blank\" rel=\"noreferrer noopener\">T\u00e9moignage<\/a>, 26.9.24<\/p>\n\n\n\n<hr class=\"wp-block-separator has-alpha-channel-opacity\"\/>\n\n\n\n<h5 class=\"wp-block-heading has-text-align-center\">Septembre 2024<\/h5>\n\n\n\n<p class=\"has-text-align-center\">\u00ab Pourquoi ne pas oser \u00e9voquer un suicide&nbsp;? Le mot fait-il peur \u00e0 ce point&nbsp;? Ce sont des vrais gens qui d\u00e9cident, face \u00e0 l\u2019insurmontable, de quitter ce monde. C\u2019est une trag\u00e9die humaine et un grand choc pour les familles, ainsi que pour les conducteurs de trains et les passagers. Le nier, c\u2019est nier les faits et les personnes en d\u00e9tresse&nbsp;! \u00bb<\/p>\n\n\n\n<p class=\"has-text-align-center\">Sandra Widmer Joly, <br>Journaliste, c\u00e9l\u00e9brante la\u00efque en fun\u00e9railles<\/p>\n\n\n\n<p class=\"has-text-align-center\">Dans: GHI \u00ab C\u2019EST MORTEL : EV\u00c9NEMENT EXT\u00c9RIEUR \u00bb, 19.6.24<\/p>\n\n\n\n<hr class=\"wp-block-separator has-alpha-channel-opacity\"\/>\n\n\n\n<h5 class=\"wp-block-heading has-text-align-center\">Ao\u00fbt 2024<\/h5>\n\n\n\n<p class=\"has-text-align-center\">\u00ab Parler de la mort, y penser, s\u2019y pr\u00e9parer, c\u2019est probablement une bonne chose, faire ses directives anticip\u00e9es, \u00e9laborer son testament, cela peut \u00eatre tr\u00e8s utile pour soi-m\u00eame et pour ses proches. Cette prise de conscience de la mort peut permettre de vivre plus intens\u00e9ment, de dire les choses importantes \u00e0 ceux que nous aimons, d\u2019\u00eatre plus reconnaissants au quotidien pour tout ce que la vie et les autres nous offrent. \u00bb<\/p>\n\n\n\n<p class=\"has-text-align-center\">Rosette Poletti<\/p>\n\n\n\n<p class=\"has-text-align-center\">Dans: \u00ab Chronique de Rosette Poletti: Comment parler de la mort \u00bb, <br><a href=\"https:\/\/www.24heures.ch\/chronique-rosette-poletti-nous-dit-comment-parler-de-la-mort-239049996592\" target=\"_blank\" rel=\"noreferrer noopener\">24heures.ch<\/a>, 17.7.24<\/p>\n\n\n\n<hr class=\"wp-block-separator has-alpha-channel-opacity\"\/>\n\n\n\n<h5 class=\"wp-block-heading has-text-align-center\">Juillet 2024<\/h5>\n\n\n\n<p class=\"has-text-align-center\">\u00ab Aujourd\u2019hui, le deuil est souvent, au niveau soci\u00e9tal, un non-sujet dont on \u00e9vite de parler. Au contraire, il faut permettre aux personnes de r\u00e9ellement vivre leur deuil pour dig\u00e9rer leurs \u00e9motions et arriver \u00e0 un apaisement. \u00bb <\/p>\n\n\n\n<p class=\"has-text-align-center\">Ana\u00efs Valentine Sancha, <br>Mentor en bien-\u00eatre \u00e9motionnel passionn\u00e9e &amp; Fondatrice de \u00ab Yes We Feel \u00bb<\/p>\n\n\n\n<p class=\"has-text-align-center\">Dans : \u00ab Une Vaudoise lance une plateforme de soutien face au deuil \u00bb,<br><a href=\"https:\/\/www.blick.ch\/fr\/well\/en-suisse-cest-encore-passablement-tabou-une-vaudoise-lance-une-plateforme-de-soutien-face-au-deuil-id19829505.html\" target=\"_blank\" rel=\"noreferrer noopener\">Blick.ch<\/a>, 10.6.24<\/p>\n\n\n\n<hr class=\"wp-block-separator has-alpha-channel-opacity\"\/>\n\n\n\n<h5 class=\"wp-block-heading has-text-align-center\">Juin 2024<\/h5>\n\n\n\n<p class=\"has-text-align-center\">\u00ab Dans cette cacophonie, la voix des premiers concern\u00e9s, les patients incurables, r\u00e9sonne comme une boussole, [\u2026] Du point de vue de ces malades, sans doute imp\u00e9n\u00e9trable au commun des valides, ce n&rsquo;est pas tant leur vie que ce texte se propose d\u2019abr\u00e9ger, que leur souffrance. \u00bb<\/p>\n\n\n\n<p class=\"has-text-align-center\">S\u00e9bastien Couratin<\/p>\n\n\n\n<p class=\"has-text-align-center\">Dans: \u00ab<a href=\"https:\/\/www.lamontagne.fr\/france-monde\/actualites\/pour-en-finir-sereinement_14507319\/\" target=\"_blank\" rel=\"noreferrer noopener\"> La Montagne<\/a> \u00bb, 27 mai 2024<\/p>\n\n\n\n<hr class=\"wp-block-separator has-alpha-channel-opacity\"\/>\n\n\n\n<h5 class=\"wp-block-heading has-text-align-center\">Avril 2024<\/h5>\n\n\n\n<p class=\"has-text-align-center\">\u00abL\u2019aide m\u00e9dicale \u00e0 mourir ne consiste pas \u00e0 abandonner. Il s\u2019agit de reprendre le contr\u00f4le. Il ne s\u2019agit pas de mort, mais de dignit\u00e9. Il s&rsquo;agit de donner aux gens le droit de mettre fin \u00e0 leurs souffrances selon leurs propres conditions, avec compassion et respect.\u00bb<\/p>\n\n\n\n<p class=\"has-text-align-center\">Paola Marra<\/p>\n\n\n\n<p class=\"has-text-align-center\">Dans: <a href=\"https:\/\/www.lematin.ch\/story\/zurich-suicide-assiste-si-vous-regardez-ceci-je-suis-morte-103068823\" target=\"_blank\" rel=\"noreferrer noopener\">\u00ab<\/a><a href=\"https:\/\/www.lematin.ch\/story\/zurich-suicide-assiste-si-vous-regardez-ceci-je-suis-morte-103068823\" target=\"_blank\" rel=\"noreferrer noopener\">Lematin\u00bb<\/a>, 22 mars 2024<\/p>\n\n\n\n<hr class=\"wp-block-separator has-alpha-channel-opacity\"\/>\n\n\n\n<h5 class=\"wp-block-heading has-text-align-center\">Janvier 2017<\/h5>\n\n\n\n<p class=\"has-text-align-center\">\u00ab Nos d\u00e9tracteurs ont du mal \u00e0 admettre qu\u2019il y a un changement de paradigme profond dans notre soci\u00e9t\u00e9. Les gens ont d\u2019abord voulu g\u00e9rer le d\u00e9but de la vie avec la procr\u00e9ation m\u00e9dicalement assist\u00e9e, la contraception et l\u2019avortement. A pr\u00e9sent, ils souhaitent g\u00e9rer leur sortie de la vie. En la mati\u00e8re, la morale n\u2019est pas celle des Eglises. Chacun peut r\u00e9fl\u00e9chir et apporter la r\u00e9ponse qu\u2019il veut. \u00bb<\/p>\n\n\n\n<p class=\"has-text-align-center\">Dr. J\u00e9rome Sobel, <br>Pr\u00e9sident <a href=\"http:\/\/www.exit-geneve.ch\/\" target=\"_blank\" rel=\"noreferrer noopener\">Exit A.D.M.D. Suisse romande<\/a><\/p>\n\n\n\n<hr class=\"wp-block-separator has-alpha-channel-opacity\"\/>\n\n\n\n<h5 class=\"wp-block-heading has-text-align-center\">Octobre 2016<\/h5>\n\n\n\n<p class=\"has-text-align-center\">\u00ab L&rsquo;euthanasie ne veut pas dire meurtre pour moi, mais signifie repos. \u00bb<\/p>\n\n\n\n<p class=\"has-text-align-center\">Marieke Vervoort,<br>Athl\u00e8te paralympique belge<\/p>\n\n\n\n<p class=\"has-text-align-center\">M\u00e9daille athl\u00e9tisme sur 400 m en fauteuil roulant aux Jeux paralympiques de Rio<\/p>\n\n\n\n<hr class=\"wp-block-separator has-alpha-channel-opacity\"\/>\n\n\n\n<h5 class=\"wp-block-heading has-text-align-center\">Mars 2015<\/h5>\n\n\n\n<p class=\"has-text-align-center\">\u00ab Faire cesser la vie quand elle n\u2019est plus qu\u2019une respiration d\u00e9pourvue de conscience, de plaisir, de rire, d\u2019intelligence, n\u2019a rien \u00e0 voir avec le meurtre ou l\u2019assassinat d\u2019un \u00eatre humain jouissant de toutes ses facult\u00e9s. \u00bb<\/p>\n\n\n\n<p class=\"has-text-align-center\">RISS \u2013 Directeur de la publication<\/p>\n\n\n\n<p class=\"has-text-align-center\">Dans : Charlie Hebdo No 1182, page 3, 18 mars 2015<br><a href=\"http:\/\/www.charliehebdo.fr\" target=\"_blank\" rel=\"noreferrer noopener\">www.charliehebdo.fr<\/a><\/p>\n\n\n\n<hr class=\"wp-block-separator has-alpha-channel-opacity\"\/>\n\n\n\n<h5 class=\"wp-block-heading has-text-align-center\">Mai 2013<\/h5>\n\n\n\n<p class=\"has-text-align-center\">\u00ab La mort, ce serait beaucoup dire qu\u2019elle ne m\u2019effraye pas, mais je n\u2019ai pas peur de l\u2019apr\u00e8s car je ne crois pas. Lorsque je dispara\u00eetrai, je dispara\u00eetrai, il ne restera rien. \u00bb<\/p>\n\n\n\n<p class=\"has-text-align-center\">Christian de Duve 2.10.1917 &#8211; 4.5.2013, <br>docteur en m\u00e9decine et biochimiste belge, prix Nobel en 1974<br>dans une interview avec le journal belge \u00abLe Soir\u00bb, environ un mois avant d\u00e9c\u00e9der de mani\u00e8re autod\u00e9termin\u00e9e et en pr\u00e9sence de sa famille, en accord avec la loi belge relative \u00e0 l\u2019euthanasie.<\/p>\n\n\n\n<p class=\"has-small-font-size\"><em><a href=\"#cit-en-haut\">en haut<\/a><\/em><\/p>\n","protected":false},"excerpt":{"rendered":"<p>Avril 2026 \u00ab&nbsp;Beaucoup l\u2019ignorent, mais l\u2019assistance au suicide n\u2019est l\u00e9galement pas r\u00e9serv\u00e9e aux associations. N\u2019importe quel m\u00e9decin disposant du droit de pratique peut prescrire le pentobarbital. Certains m\u00e9decins de famille le font d\u2019ailleurs directement pour leurs patients. Cependant, le m\u00e9decin traitant n\u2019a aucune obligation de le faire. Prescrire la substance l\u00e9tale engage intimement le praticien. [&hellip;]<\/p>\n","protected":false},"author":1,"featured_media":0,"parent":0,"menu_order":0,"comment_status":"closed","ping_status":"closed","template":"","meta":{"_acf_changed":false,"_editorskit_title_hidden":false,"_editorskit_reading_time":0,"_editorskit_is_block_options_detached":false,"_editorskit_block_options_position":"{}","footnotes":""},"class_list":["post-1563","page","type-page","status-publish","hentry"],"acf":[],"_links":{"self":[{"href":"https:\/\/dignitas.ch\/fr\/wp-json\/wp\/v2\/pages\/1563","targetHints":{"allow":["GET"]}}],"collection":[{"href":"https:\/\/dignitas.ch\/fr\/wp-json\/wp\/v2\/pages"}],"about":[{"href":"https:\/\/dignitas.ch\/fr\/wp-json\/wp\/v2\/types\/page"}],"author":[{"embeddable":true,"href":"https:\/\/dignitas.ch\/fr\/wp-json\/wp\/v2\/users\/1"}],"replies":[{"embeddable":true,"href":"https:\/\/dignitas.ch\/fr\/wp-json\/wp\/v2\/comments?post=1563"}],"version-history":[{"count":37,"href":"https:\/\/dignitas.ch\/fr\/wp-json\/wp\/v2\/pages\/1563\/revisions"}],"predecessor-version":[{"id":11375,"href":"https:\/\/dignitas.ch\/fr\/wp-json\/wp\/v2\/pages\/1563\/revisions\/11375"}],"wp:attachment":[{"href":"https:\/\/dignitas.ch\/fr\/wp-json\/wp\/v2\/media?parent=1563"}],"curies":[{"name":"wp","href":"https:\/\/api.w.org\/{rel}","templated":true}]}}