    {"id":1446,"date":"2023-09-11T11:14:01","date_gmt":"2023-09-11T09:14:01","guid":{"rendered":"https:\/\/dev.dignitas.bertastrasse1.ch\/wissen\/gerichtsentscheide\/"},"modified":"2025-11-26T10:50:42","modified_gmt":"2025-11-26T09:50:42","slug":"court-rulings","status":"publish","type":"page","link":"https:\/\/dignitas.ch\/en\/knowledge\/court-rulings\/","title":{"rendered":"Court rulings"},"content":{"rendered":"\n<p id=\"court-to-top\"><\/p>\n\n\n\n<h4 class=\"wp-block-heading\">Overview<\/h4>\n\n\n\n<p><a href=\"#court-echr\">European Court of Human Rights in Strasbourg (ECHR)<\/a><br><a href=\"#court-uk\">United Kingdom<\/a><br><a href=\"#court-austria\">Austria<\/a><br><a href=\"#court-germany\">Germany<\/a><br><a href=\"#court-italy\">Italy<\/a><br><a href=\"#court-canada\">Canada<\/a><br><a href=\"#court-usa\">United States of America<\/a><br><a href=\"#court-latin-america\">Latin America<\/a><br><a href=\"#court-south-africa\">South Africa<\/a><\/p>\n\n\n\n<p>&#8212;<\/p>\n\n\n\n<h4 class=\"wp-block-heading\" id=\"court-echr\">European Court of Human Rights in Strasbourg (ECHR)<\/h4>\n\n\n\n<p><a class=\"ek-link\" href=\"https:\/\/www.echr.coe.int\/home\" target=\"_blank\" rel=\"noreferrer noopener\">The European Court of Human Rights<\/a><br><a href=\"https:\/\/www.echr.coe.int\/documents\/d\/echr\/Convention_ENG\" target=\"_blank\" rel=\"noreferrer noopener\">European Convention on Human Rights<\/a><br><a class=\"ek-link\" href=\"http:\/\/hudoc.echr.coe.int\/sites\/eng\/Pages\/search.aspx#{%22documentcollectionid2%22:[%22GRANDCHAMBER%22,%22CHAMBER%22]}\" target=\"_blank\" rel=\"noreferrer noopener\">HUDOC Database \/ Search Portal of The Court<\/a><br><\/p>\n\n\n\n<h5 class=\"wp-block-heading\">From the European Court of Human Rights (ECHR)<\/h5>\n\n\n\n<p><strong>Diane Pretty v. the United Kingdom<\/strong><\/p>\n\n\n\n<p><a class=\"ek-link\" href=\"http:\/\/hudoc.echr.coe.int\/eng?i=001-60448\" target=\"_blank\" rel=\"noreferrer noopener\">Judgment of 29 April 2002 in the case of Diane Pretty v. the United Kingdom,<\/a> application no. 2346\/02 <\/p>\n\n\n\n<p>&#8212;<br><br><strong>Haas v. Switzerland<\/strong><\/p>\n\n\n\n<p><a class=\"ek-link\" href=\"http:\/\/hudoc.echr.coe.int\/eng?i=001-102940\" target=\"_blank\" rel=\"noreferrer noopener\">Judgment of 20 January 2011 in the case of Haas v. Switzerland<\/a>, application no. 31322\/07<br><a class=\"ek-link\" href=\"https:\/\/hudoc.echr.coe.int\/app\/conversion\/pdf?library=ECHR&amp;id=003-3405698-3821885&amp;filename=Chamber%20judgment%20Haas%20v.%20Switzerland%2020.01.2011.pdf\" target=\"_blank\" rel=\"noreferrer noopener\">Press Release on this judgement<\/a> (PDF)<\/p>\n\n\n\n<p>&#8212;<\/p>\n\n\n\n<p><strong>Koch v. Germany<\/strong><\/p>\n\n\n\n<p><a class=\"ek-link\" href=\"http:\/\/cmiskp.echr.coe.int\/tkp197\/view.asp?action=open&amp;documentId=877339&amp;portal=hbkm&amp;source=externalbydocnumber&amp;table=F69A27FD8FB86142BF01C1166DEA398649\" target=\"_blank\" rel=\"noreferrer noopener\">Press release regarding the Chamber Hearing in the case of Koch v. Germany<\/a>, application no. 497\/09 (PDF)<br><a class=\"ek-link\" href=\"http:\/\/cmiskp.echr.coe.int\/tkp197\/view.asp?action=html&amp;documentId=886317&amp;portal=hbkm&amp;source=externalbydocnumber&amp;table=F69A27FD8FB86142BF01C1166DEA398649\" target=\"_blank\" rel=\"noreferrer noopener\">Decision of 31 May 2011 as to the admissibility of the case Koch v. Germany<\/a>, application no. 497\/09 and <a class=\"ek-link\" href=\"http:\/\/cmiskp.echr.coe.int\/tkp197\/view.asp?action=open&amp;documentId=886322&amp;portal=hbkm&amp;source=externalbydocnumber&amp;table=F69A27FD8FB86142BF01C1166DEA398649\" target=\"_blank\" rel=\"noreferrer noopener\">Press Release<\/a> (PDF). The Court of Human Rights has declared the application admissible.<br><a href=\"http:\/\/hudoc.echr.coe.int\/sites\/eng\/pages\/search.aspx?i=001-112282\" target=\"_blank\" rel=\"noreferrer noopener\">Judgment of 19 July 2012 in the case Koch v. Germany<\/a><\/p>\n\n\n\n<p>&#8212;<\/p>\n\n\n\n<p><strong>Gross v. Switzerland<\/strong><\/p>\n\n\n\n<p><a class=\"ek-link\" href=\"http:\/\/hudoc.echr.coe.int\/sites\/eng\/pages\/search.aspx?i=001-119703\" target=\"_blank\" rel=\"noreferrer noopener\">Judgment of 14 May 2013 in the case of Gross v. Switzerland<\/a>, application no. 67810\/10<br><a href=\"http:\/\/hudoc.echr.coe.int\/sites\/eng\/pages\/search.aspx?i=001-146780\" target=\"_blank\" rel=\"noreferrer noopener\">Judgment of 30 September 2014 of the Grand Chamber in the case of Gross v. Switzerland<\/a>, application no. 67810\/10, not to pursue the case<br>Switzerland had requested that the decision of 14 May 2013 be referred to the Grand Chamber, which was granted by the panel of the Grand Chamber. Shortly prior to a public hearing on the case, set for 2 April 2014, it became known that the applicant had passed away in the meantime. <\/p>\n\n\n\n<p>&#8212;<\/p>\n\n\n\n<p><strong>Vincent Lambert and Others v. France<\/strong><\/p>\n\n\n\n<p><a class=\"ek-link\" href=\"http:\/\/hudoc.echr.coe.int\/sites\/eng\/pages\/search.aspx?i=001-155352\" target=\"_blank\" rel=\"noreferrer noopener\">Judgment of 5 June 2015 in the case of Vincent Lambert and Others v. France<\/a>, application no. 46034\/14 <br>When considering the question whether discontinuing measures to keep Mr. Lambert alive would be permissible, the ECHR decided by 12:5 votes that no violation of article 2 (right to life) would result from this. Therefore, the judgment of the French High Court, the Conseil d\u2019\u00c9tat, can be implemented. This signifies that the life-sustaining measures of Vincent Lambert, who has been tetraplegic, fully dependent, artificially nourished and in persistent vegetative state (PVS) since a road accident on 29 September 2009 can be discontinued.<\/p>\n\n\n\n<p>&#8212;<\/p>\n\n\n\n<p><strong>Lamb and Nicklinson against the UK<\/strong><\/p>\n\n\n\n<p><a class=\"ek-link\" href=\"http:\/\/hudoc.echr.coe.int\/eng?i=001-156476\" target=\"_blank\" rel=\"noreferrer noopener\">Judgment of 23 June 2015 in the cases of Lamb and Nicklinson against the United Kingdom<\/a>, applications nos. 2478\/15 and 1787\/15<br>In this decision, the ECHR joined the applications of almost entirely paralysed Paul Lamb and Tony Nicklinson , who had suffered from a locked-in syndrome and deceased in 2012 \u2013 represented by his wife \u2013 and declared the applications inadmissible.<\/p>\n\n\n\n<p class=\"has-small-font-size\"><em><a href=\"#court-to-top\">to top<\/a><\/em><\/p>\n\n\n\n<hr class=\"wp-block-separator has-alpha-channel-opacity\"\/>\n\n\n\n<h4 class=\"wp-block-heading\" id=\"court-uk\">United Kingdom<\/h4>\n\n\n\n<p><strong>The case of Mrs. Debbie Purdy<\/strong><\/p>\n\n\n\n<p><a class=\"ek-link\" href=\"http:\/\/www.publications.parliament.uk\/pa\/ld200809\/ldjudgmt\/jd090730\/rvpurd-1.htm\" target=\"_blank\" rel=\"noreferrer noopener\">Judgment of 30 July 2009 by the House of Lords<\/a><br>Mrs. Debbie Purdy, an UK citizen suffering from multiple sclerosis, brought a case against the Director of Public Prosecution (DPP), Keir Starmer, to the Law Lords: she wanted to know whether or not her husband would be prosecuted by the Crown Prosecution Service (CPS) if he would help her to travel abroad to have an assisted suicide. The ruling forced the CPS to state exactly when it would take action against those who help their loved ones end their lives abroad.<\/p>\n\n\n\n<p>&#8212;<\/p>\n\n\n\n<p><strong>Nicklinson, Lamb and Martin<\/strong><\/p>\n\n\n\n<p><a class=\"ek-link\" href=\"http:\/\/dignitas.ch\/images\/stories\/pdf\/entscheid-supremecourtuk-25062014.pdf\" target=\"_blank\" rel=\"noreferrer noopener\">Judgment of 25 June 2014 of the Supreme Court in the cases of Nicklinson, Lamb and Martin<\/a> (PDF)<br>Even though their appeal has been rejected, the Court finds that both Parliament and the Director of Public Productions (DPP) should reconsider the law and prosecuting policy on assistance to die. Though divided on the issue of whether the UK Suicide Act\u2019s universal prohibition on assisted suicide is incompatible with the human right to private and family life \u2013 protected under Article 8 of the European Convention on Human Rights (ECHR) \u2013 a majority of the justices ruled that the Court could in theory declare the universal ban on assisted suicide incompatible unless Parliament acts to reform it.<\/p>\n\n\n\n<p class=\"has-small-font-size\"><em><a href=\"#court-to-top\">to top<\/a><\/em><\/p>\n\n\n\n<hr class=\"wp-block-separator has-alpha-channel-opacity\"\/>\n\n\n\n<h4 class=\"wp-block-heading\" id=\"court-austria\">Austria<\/h4>\n\n\n\n<p><strong>Complaint against the prohibition of assistance in suicide and voluntary euthanasia<\/strong><\/p>\n\n\n\n<p><a class=\"ek-link\" href=\"https:\/\/www.vfgh.gv.at\/downloads\/Bulletin_2020_3_AUT-2020-3-004_G_139_2019.pdf\" target=\"_blank\" rel=\"noreferrer noopener\">Judgment G 139\/2019-71 of 11 December 2020 of the Constitutional Court of Austria in Vienna<\/a> (PDF, abstract in English)<br><a class=\"ek-link\" href=\"https:\/\/www.vfgh.gv.at\/downloads\/VfGH-Erkenntnis_G_139_2019_vom_11.12.2020.pdf\" target=\"_blank\" rel=\"noreferrer noopener\">Judgment full version in German<\/a> (PDF)<br><a class=\"ek-link\" href=\"http:\/\/dignitas.ch\/images\/stories\/pdf\/medienmitteilung-11122020-e.pdf\" target=\"_blank\" rel=\"noreferrer noopener\">Communique by DIGNITAS<\/a> (PDF)<br>On 11 December 2020 the Austrian Constitutional Court judged over a constitutional complaint (Individualantrag, Individual Application) against the prohibition of assistance in suicide and voluntary euthanasia.<br>\u00a7 78 \u201cparticipation in self-murder\u201d (sic!) of the Austrian criminal code, which was set up in the Austro-fascist 1930s, said: \u201cAny person who incites another to commit suicide [literally: \u201ckill himself\u201d], or provides help in this, is liable to a custodial sentence of six months to five years.\u201d<br>The Court found the second fact of \u00a7 78 (\u201eor provides help in this\u201d) unconstitutional, to effect as of 1 January 2022.<br>The application against voluntary euthanasia, \u00a7 77 Austrian Criminal Code, was rejected by the Court.<\/p>\n\n\n\n<p class=\"has-small-font-size\"><em><a href=\"#court-to-top\">to top<\/a><\/em><\/p>\n\n\n\n<hr class=\"wp-block-separator has-alpha-channel-opacity\"\/>\n\n\n\n<h4 class=\"wp-block-heading\" id=\"court-germany\">Germany<\/h4>\n\n\n\n<p><strong>\u00a7 217 declared void<\/strong><\/p>\n\n\n\n<p><a class=\"ek-link\" href=\"https:\/\/www.bundesverfassungsgericht.de\/SharedDocs\/Pressemitteilungen\/EN\/2020\/bvg20-012.html\" target=\"_blank\" rel=\"noreferrer noopener\">Judgment(s) 2 BvR 2347\/15, 2 BvR 2527\/16, 2 BvR 2354\/16, 2 BvR 1593\/16, 2 BvR 1261\/16, 2 BvR 651\/16 of 26 February 2020 by the Federal Constitutional Court of Germany<\/a> (Link to press release by the Court and abstract of the judgment)<br><a href=\"http:\/\/dignitas.ch\/images\/stories\/pdf\/medienmitteilung-26022020-e.pdf\" target=\"_blank\" rel=\"noreferrer noopener\">Communiqu\u00e9 by DIGNITAS (PDF)<\/a><br>The Federal Constitutional Court of Germany (Bundesverfassungsgericht) in Karlsruhe found that article \u00a7 217 of the Criminal Code (Strafgesetzbuch \u2013 StGB) \u201cGesch\u00e4ftsm\u00e4ssige F\u00f6rderung der Selbstt\u00f6tung\u201d \u2013 de facto a prohibition of professional and dignified advisory work and help for a self-determined end of life \u2013 is unconstitutional. \u00a7 217 violates the Basic Law and is void. Quote: \u201cThe general right of personality (Art. 2(1) in conjunction with Art. 1(1) of the Basic Law, Grundgesetz \u2013 GG) encompasses a right to a self-determined death. This right includes the freedom to take one\u2019s own life and, as the case may be, resort to assistance provided voluntarily by third parties for this purpose. Where, in the exercise of this right, an individual decides to end their own life, having reached this decision based on how they personally define quality of life and a meaningful existence, their decision must, in principle, be respected by state and society as an act of autonomous self-determination.\u201d<\/p>\n\n\n\n<p>&#8212;<\/p>\n\n\n\n<p><strong>Federal Administrative Court of Germany issues landmark decision<\/strong><\/p>\n\n\n\n<p><a class=\"ek-link\" href=\"https:\/\/www.bverwg.de\/en\/020317U3C19.15.0\" target=\"_blank\" rel=\"noreferrer noopener\">Judgment BVerwG 3 C 19.15 of 2 March 2017 by the Federal Administrative Court (Supreme Court) of Germany (Link, English translation based on an edited version of the original ruling, provided by the Court)<\/a><br><a class=\"ek-link\" href=\"http:\/\/dignitas.ch\/images\/stories\/pdf\/medienmitteilung-08032017.pdf\" target=\"_blank\" rel=\"noreferrer noopener\">Press release by DIGNITAS \u2013 To live with dignity \u2013 To die with dignity<\/a> (PDF)<br>The Federal Administrative Court of Germany (Bundesverwaltungsgericht) in Leipzig issued a landmark decision in regard of access to the means for ending one\u2019s suffering and life by one\u2019s own action, and the right to die in general. This case concerned the wife of the claimant who, after an accident, had been almost totally paralysed (quadriplegic), needed 24\/7 ventilation and suffered from pain and cramps. In 2005, she ended her ordeal by an accompanied suicide at DIGNITAS \u2013 To live with dignity \u2013 To die with dignity, however, before this, she started litigation continued by her husband which led to the now decision. In 2004, she tried to obtain the preferable means for an accompanied suicide from the German Federal Institute for Drugs and Medical Devices (Bundesinstitut f\u00fcr Arzneimittel und Medizinprodukte BfArM) so that she could end her life at home, instead of having to do a practically and emotionally challenging journey to DIGNITAS in Switzerland. However, to little surprise, the Institute rejected her plea. Mr. Koch took over the fight for the right to die at home from his wife and appealed to the decision of the Institute. However, all German Courts rejected his arguments by stating that he was neither entitled to the claim brought up by his now deceased wife nor to own rights. In conclusion, he brought the case to the European Court of Human Rights, which, on 19 July 2002, decided that based on article 8 (Right to respect for private and family life) of the European Convention on Human Rights, the German Courts at least should have looked into whether Mr. Koch\u2019s plea had been reasonably justified. The case went back to square one, however, this time with the German Courts being forced to deal with the matter. Finally, in this second court case round, the Federal Administrative Court corrected the decisions by the Lower Courts and acknowledged that the decision of the German Federal Institute for Drugs and Medical Devises had been unlawful. The general right to personality article 2,1 (right to life) in connection with article 1,1 (protection of human dignity) of the Basic Law (Constitutional Law) of Germany comprises the right of a severe and incurably ill patient to decide how and at what time his or her life shall end, provided that he or she is in a position to make up his or her own mind in that respect and act accordingly. The Court found, even though it was generally not possible to allow purchasing a narcotic substance for the purpose of suicide, there had to be exceptions. This, if a severe and incurably ill patient, due to his or her unbearable suffering, freely and seriously decides to wish an end to his or her life, and if there was no reasonable alternative available \u2013 such as to end treatment accompanied by palliative care. Such patients should not be barred from accessing prescribe narcotics for a dignified and painless suicide. The Court found that the Institute at least should have assessed whether such a case had been given with Mrs. Koch.<\/p>\n\n\n\n<p class=\"has-small-font-size\"><em><a href=\"#court-to-top\">to top<\/a><\/em><\/p>\n\n\n\n<hr class=\"wp-block-separator has-alpha-channel-opacity\"\/>\n\n\n\n<h4 class=\"wp-block-heading\" id=\"court-italy\">Italy<\/h4>\n\n\n\n<p><strong>Criminal prosecution against Marco Cappato<\/strong><\/p>\n\n\n\n<p><a class=\"ek-link\" href=\"https:\/\/www.cortecostituzionale.it\/actionSchedaPronuncia.do?anno=2019&amp;numero=242\" target=\"_blank\" rel=\"noreferrer noopener\">Judgment 242\/2019 of 25 September 2019 by the Constitutional Court of Italy<\/a><br><a class=\"ek-link\" href=\"https:\/\/www.associazionelucacoscioni.it\/the-cappato-trial-step-by-step\" target=\"_blank\" rel=\"noreferrer noopener\">Information about the case provided by the Ialian human rights organization Associazione Luca Coscioni <\/a>(in English)<br>The Constitutional court dealt with the case of criminal prosecution against Marco Cappato who had been accused of assisting in the suicide of Fabiano Antoniani&nbsp;\u2013 a man paraplegic, blind and on life-support after a car accident in 2014&nbsp;\u2013 and found article 580 of the Italian Criminal Code (prohibiting to help or convince someone to commit suicide) unconstitutional insofar as it did not make an exception for assisting in the suicide of a person fully capable of making free and conscious decisions with a condition such as Mr. Antoniani, that is, an irreversible pathology causing physical or psychological suffering which the person considers intolerable.<\/p>\n\n\n\n<p class=\"has-small-font-size\"><em><a href=\"#court-to-top\">to top<\/a><\/em><\/p>\n\n\n\n<hr class=\"wp-block-separator has-alpha-channel-opacity\"\/>\n\n\n\n<h4 class=\"wp-block-heading\" id=\"court-canada\">Canada<\/h4>\n\n\n\n<p><strong><span id=\"cartervcanada\"><\/span>Carter v. Canada<\/strong><\/p>\n\n\n\n<p><a href=\"https:\/\/scc-csc.lexum.com\/scc-csc\/scc-csc\/en\/item\/14637\/index.do\" target=\"_blank\" rel=\"noreferrer noopener\">Judgment of 6 February 2015 of the Supreme Court of Canada in the case Carter v. Canada (Attorney General)<\/a>: In a unanimous 9:0 decision Canada\u2019s Supreme Court has struck down the country\u2019s Criminal Code laws prohibiting physician-assisted suicide. The rule will not come into force for another 12 months; however, it means it will no longer be against the law, under certain circumstances, for a doctor to help someone who is terminally ill to end their life.<\/p>\n\n\n\n<p>&#8212;<\/p>\n\n\n\n<p><strong>Court upholds right to die<\/strong><\/p>\n\n\n\n<p><a class=\"ek-link\" href=\"http:\/\/www.courts.gov.bc.ca\/jdb-txt\/CA\/12\/03\/2012BCCA0336.htm\" target=\"_blank\" rel=\"noreferrer noopener\">Judgment of 10 August 2012 of the British Columbia Supreme Court<\/a>: Madam Justice Prowse of the BC Court of Appeal has denied the Attorney General of Canada\u2019s attempt to prevent Gloria Taylor from exercising her court-approved right to die.<\/p>\n\n\n\n<p>Gloria Taylor, who is terminally ill, received in June a constitutional exemption allowing her to receive a lethal prescription, under very stringent conditions. At the same time, BC Supreme Court Justice Lynn Smith also ruled that Canada\u2019s law banning assisted suicide was unconstitutional and she gave parliament 12 months to fashion a new law. Since Ms Taylor was unlikely to live to benefit from any change in the law, Justice Smith afforded her an interim remedy to receive a doctor\u2019s assistance.<\/p>\n\n\n\n<p><a href=\"http:\/\/www.courts.gov.bc.ca\/jdb-txt\/SC\/12\/08\/2012BCSC0886cor1.htm\" target=\"_blank\" rel=\"noreferrer noopener\">Judgment of 15 June 2012 of the British Columbia Supreme Court<\/a>: The BC Supreme Court has declared the absolute prohibition against assistance with suicide to be constitutionally invalid. In a 395-page decision, Madam Justice Smith gives the federal government 12 months to fashion a new law that allows assistance with suicide, subject to protecting the vulnerable from coercion and undue influence.<br>During the 12-month period and pending appeal, Gloria Taylor and any other person can apply for a constitutional exemption to receive lethal medication from a physician to end his or her life. The applicant must meet certain conditions, including requirements that he or she make a written request, be terminally ill and near death, of sound mind, and fully informed of treatment options such as palliative care.<\/p>\n\n\n\n<p class=\"has-small-font-size\"><em><a href=\"#court-to-top\">to top<\/a><\/em><\/p>\n\n\n\n<hr class=\"wp-block-separator has-alpha-channel-opacity\"\/>\n\n\n\n<h4 class=\"wp-block-heading\" id=\"court-usa\">United States of America<\/h4>\n\n\n\n<p><strong>Gideonse v. Brown<\/strong><\/p>\n\n\n\n<p><a href=\"https:\/\/www.compassionandchoices.org\/docs\/default-source\/legal\/rec-doc-20-1-exhibit-wm.pdf?sfvrsn=6041423c_1\" target=\"_blank\" rel=\"noreferrer noopener\">Settlement of 28 March 2022 in the case of Gideonse v. Brown, et al., a lawsuit filed at the US. District Court of Oregon<\/a><br>In this case, Dr. Nicholas Gideonse, a physician practicing in Oregon who regularly also attends to patients from the neighbouring State of Washington, alleged that the residency requirement contained in the Oregon Death with Dignity Act is unconstitutional as it unlawfully prevents his out-of-state patients from seeking medical aid in dying. He had to disrupt the continuum of care for his non-resident patients who want the option of assisted dying and refer such patients to another provider in Washington who will agree to support the patient\u2019s wishes.<br>In result, Dr Gideonse and the State of Oregon defendants reached the settlement that the Oregon Health Authority (OHA), Oregon Medical Board, and the Multnomah County District Attorney all agreed not to enforce the residency restriction. Further, the OHA has agreed to initiate a legislative request to permanently remove the residency restriction from the Oregon Death with Dignity Act.<br><a class=\"ek-link\" href=\"https:\/\/www.compassionandchoices.org\/legal-advocacy\/recent-cases\/gideonse-v-brown-et-al\" target=\"_blank\" rel=\"noreferrer noopener\">Details of the case provided by Compassion &amp; Choices<\/a><\/p>\n\n\n\n<p>&#8212;<\/p>\n\n\n\n<p><strong>Robert Baxter has the right to a dignified death<\/strong><\/p>\n\n\n\n<p><a href=\"http:\/\/dignitas.ch\/images\/stories\/pdf\/gerichtsentscheid-supreme-court-montana-31122009.pdf\" target=\"_blank\" rel=\"noreferrer noopener\">Judgment of 31 December 2009 by the Supreme Court of the State of Montana (PDF): Under the Constitution of Montana, Article II, paragraph 4 and 10, terminally ill Robert Baxter has the right to a dignified death and at the same time his physician has the right to being protected from prosecution<\/a>. Even though the right to physician-assisted dying was not guaranteed by the Constitution of Montana, such assistance, taking into consideration court cases and the law, was not in conflict with public interests and therefore not illegal. The decision was done by 5 : 2.<\/p>\n\n\n\n<p>Through this single-case decision, Montana became the third US-State which, in theory, has legalised physician-assisted suicide.<\/p>\n\n\n\n<p>&#8212;<\/p>\n\n\n\n<p><strong>Georgia: State\u2019s assisted-suicide law violates free speech clauses<\/strong><\/p>\n\n\n\n<p>Judgment of 6 February 2012 of the Supreme Court of the State of Georgia: Under the Constitutions of the State of Georgia and the United States of America, the State\u2019s assisted-suicide law violates the free speech clauses. Said law held that anyone could face up to 5 years in prison \u201cwho publicly advertises, offers or holds himself or herself out as offering that he or she will intentionally and actively assist another person in the commission of suicide and commits any overt act to further that purpose.\u201d<br>Writing for the court in a unanimous decision, Justice Hugh Thompson said: \u201cThe State has failed to provide any explanation or evidence as to why a public advertisement or offer to assist in an otherwise legal activity is sufficiently problematic to justify an intrusion on protected speech rights. Absent a more particularized State interest and more narrowly tailored statute, we hold the State may not, consistent with the United States and Georgia Constitutions, make the public advertisement or offer to assist in a suicide a criminal offense.\u201d<\/p>\n\n\n\n<p>&#8212;<\/p>\n\n\n\n<p><strong>New Mexico State law provides fundemental right<\/strong><\/p>\n\n\n\n<p><br><a href=\"http:\/\/euthanasia.procon.org\/sourcefiles\/Morris_v_NM_Decision_01_13_14.pdf\" target=\"_blank\" rel=\"noreferrer noopener\">Judgment of 3 April 2014 by the Second Judicial District Court, Albuquerque, New Mexico<\/a> (PDF): New Mexico State law provides a fundamental right to a terminally ill, competent patient to choose a physician\u2019s aid in getting prescription medications that will allow a peaceful death, Second Judicial District Judge Nan Nash ruled on April 3, 2014. The Court ruled that two oncologists at the University of New Mexico Hospital could not be prosecuted under the state\u2019s Assisted Suicide Statute, which is defined as the act of \u201cdeliberately aiding another in the taking of his own life\u201d and makes such assistance punishable.<\/p>\n\n\n\n<p>&#8212;<\/p>\n\n\n\n<p><strong>Overview of past and active cases<\/strong><\/p>\n\n\n\n<p>An overview of <a aria-label=\"past (opens in a new tab)\" class=\"ek-link\" href=\"https:\/\/www.compassionandchoices.org\/legal-advocacy\/past-cases\" target=\"_blank\" rel=\"noreferrer noopener\">past<\/a> and <a aria-label=\"active (opens in a new tab)\" class=\"ek-link\" href=\"https:\/\/www.compassionandchoices.org\/legal-advocacy\/recent-cases\" target=\"_blank\" rel=\"noreferrer noopener\">active<\/a> cases as of 18 May 2022, provided by the legal team at Compassion and Choices.<\/p>\n\n\n\n<p class=\"has-small-font-size\"><em><a href=\"#court-to-top\">to top<\/a><\/em><\/p>\n\n\n\n<hr class=\"wp-block-separator has-alpha-channel-opacity\"\/>\n\n\n\n<h4 class=\"wp-block-heading\" id=\"court-latin-america\">Latin America<\/h4>\n\n\n\n<p><strong>Ecuador<\/strong><\/p>\n\n\n\n<p><a class=\"ek-link\" href=\"http:\/\/esacc.corteconstitucional.gob.ec\/storage\/api\/v1\/10_DWL_FL\/e2NhcnBldGE6J3RyYW1pdGUnLCB1dWlkOidlNzVjZThhMS1iMGM0LTQ0OWMtYmEyMy01MTdlYzVkYTY3NGQucGRmJ30=\" target=\"_blank\" rel=\"noreferrer noopener\">Judgment of 5 February 2024 of the Constitutional Court of Ecuardor<\/a>: In this landmark case brought forward by Paola Roldan who suffers from ALS, seven of the nine judges decided in favor of Roldan having the right to an expedited process for assisted dying. Furthermore, the court gave lawmakers 12 months to draft the regulatory frameworks for implementation.<br>This judgment positions Ecuador de facto as the second country in Latin America to legalize assisted dying after Colombia.<\/p>\n\n\n\n<p>&#8212;<\/p>\n\n\n\n<p><strong>Colombia<\/strong><\/p>\n\n\n\n<p>Several court judgments have set a frame for medical aid in voluntary euthanasia and assisted suicide.<\/p>\n\n\n\n<p><a aria-label=\"Overview of all the judgments (opens in a new tab)\" href=\"https:\/\/www.corteconstitucional.gov.co\/relatoria\/consulta.php?CiMaxRecordsPerPage=100&amp;TemplateName=queryP&amp;CiSort=rank%5Bd%5D&amp;relatoria=%2Frelatoria&amp;relatoria=&amp;buscar=muerte+digna&amp;order=relevancia&amp;anio=\" target=\"_blank\" rel=\"noreferrer noopener\" class=\"ek-link\">Overview of all the judgments<\/a><br><a aria-label=\"C-239\/97 of 20 May 1997 (opens in a new tab)\" href=\"https:\/\/www.corteconstitucional.gov.co\/relatoria\/1997\/c-239-97.htm\" target=\"_blank\" rel=\"noreferrer noopener\" class=\"ek-link\">C-239\/97 of 20 May 1997<\/a> \u2013 Decriminalization of voluntary euthanasia<br><a aria-label=\"T-970\/14 of 15 December 2014 (opens in a new tab)\" href=\"https:\/\/www.corteconstitucional.gov.co\/relatoria\/2014\/t-970-14.htm\" target=\"_blank\" rel=\"noreferrer noopener\" class=\"ek-link\">T-970\/14 of 15 December 2014<\/a> \u2013 Setting rules for practicing voluntary euthanasia<br><a aria-label=\"T-544\/17 of 25 August 2017 (opens in a new tab)\" href=\"https:\/\/www.corteconstitucional.gov.co\/relatoria\/2017\/t-544-17.htm\" target=\"_blank\" rel=\"noreferrer noopener\" class=\"ek-link\">T-544\/17 of 25 August 2017<\/a> \u2013 Voluntary euthanasia for minors<br><a aria-label=\"C-233\/21 of 22 July 2021 (opens in a new tab)\" href=\"https:\/\/www.corteconstitucional.gov.co\/relatoria\/2021\/c-233-21.htm\" target=\"_blank\" rel=\"noreferrer noopener\" class=\"ek-link\">C-233\/21 of 22 July 2021<\/a> &#8211; Abolishing the \u201cterminally ill\u201d requirement<br>C-146\/22 of 11 May 2022 &#8211; Decriminalization of assisted suicide (not yet published online)<\/p>\n\n\n\n<p><a aria-label=\"Reports by the Colombian human rights organization DescLAB (opens in a new tab)\" href=\"https:\/\/www.desclab.com\/tomaelcontrol\" target=\"_blank\" rel=\"noreferrer noopener\" class=\"ek-link\">Reports by the Colombian human rights organization DescLAB<\/a> | Laboratorio de Derechos Econ\u00f3micos, Sociales y Culturales:<\/p>\n\n\n\n<p>Muerte Digna en Colombia. Activismo judicial, cambio social y discusiones constitucionales sobre un derecho emergente \/ The Right to Die in Colombia. Judicial activism, social change and constitutional discussions on an emerging right, analysing how the right has emerged and strengthened (<a href=\"https:\/\/www.desclab.com\/_files\/ugd\/e0e620_9fde56cc9e1e410384e4001f210378bc.pdf\" target=\"_blank\" rel=\"noreferrer noopener\" class=\"ek-link\">PDF<\/a>)<\/p>\n\n\n\n<p>De Muerte Lenta #1. Informe sobre las cifras y las barreras para ejercer el derecho a morir dignamente en Colombia \/ A slowly death. A report on the data and the barriers to access a dignified death in Colombia (<a class=\"ek-link\" href=\"https:\/\/www.desclab.com\/_files\/ugd\/e0e620_27b339a377d34320a367e29d05df27dc.pdf\" target=\"_blank\" rel=\"noreferrer noopener\">PDF<\/a>)<\/p>\n\n\n\n<p>&#8212;<\/p>\n\n\n\n<p><strong>Peru<\/strong><\/p>\n\n\n\n<p>In March 2021, a court judgment in the case of Ana Estrada, a woman suffering from a paralysing illness, ruled that state health insurer should provide everything necessary for her to be able to have a medically assisted end to her life. The judgment took effect after the Ministry of Justice and Health decided not to appeal against the verdict.<\/p>\n\n\n\n<p class=\"has-small-font-size\"><em><a href=\"#court-to-top\">to top<\/a><\/em><\/p>\n\n\n\n<hr class=\"wp-block-separator has-alpha-channel-opacity\"\/>\n\n\n\n<h4 class=\"wp-block-heading\" id=\"court-south-africa\">South Africa<\/h4>\n\n\n\n<p><strong>James Stransham-Ford v. the Minister of Justice and others<\/strong><\/p>\n\n\n\n<p><a class=\"ek-link\" href=\"http:\/\/dignitas.ch\/images\/stories\/pdf\/entscheid-pretoria-30042015-2.pdf\" target=\"_blank\" rel=\"noreferrer noopener\">Judgment of 4 May 2015 of the High Court of South Africa (North Gauteng High Court) in the case number 27401\/15 of Robert James Stransham-Ford v. the Minister of Justice and others<\/a> (PDF)<\/p>\n\n\n\n<p>In a <a class=\"ek-link\" href=\"http:\/\/dignitas.ch\/images\/stories\/pdf\/entscheid-pretoria-30042015.pdf\" target=\"_blank\" rel=\"noreferrer noopener\">Court Order of 30 April 2015<\/a> (PDF) and subsequent judgment of 4 May 2015, Judge Fabricius ruled that Robert James Stransham-Ford, who was dying of prostate cancer and who had asked the Court to determine whether a doctor could legally assist him to end his life, should be permitted to do so.<\/p>\n\n\n\n<p>In its <a href=\"https:\/\/www.saflii.org\/za\/cases\/ZASCA\/2016\/197.html\" target=\"_blank\" rel=\"noreferrer noopener\">judgment of 6 December 2016, the Supreme Court of Appeal of South Africa<\/a> overturned the High Court order. There is a possibility to now take the case to the Constitutional Court.<\/p>\n\n\n\n<p class=\"has-small-font-size\"><a href=\"#court-to-top\" class=\"ek-link\"><em>to top<\/em><\/a><\/p>\n","protected":false},"excerpt":{"rendered":"<p>Overview European Court of Human Rights in Strasbourg (ECHR)United KingdomAustriaGermanyItalyCanadaUnited States of AmericaLatin AmericaSouth Africa &#8212; European Court of Human Rights in Strasbourg (ECHR) The European Court of Human RightsEuropean Convention on Human RightsHUDOC Database \/ Search Portal of The Court From the European Court of Human Rights (ECHR) Diane Pretty v. the United Kingdom [&hellip;]<\/p>\n","protected":false},"author":1,"featured_media":0,"parent":341,"menu_order":0,"comment_status":"closed","ping_status":"closed","template":"","meta":{"_acf_changed":false,"_editorskit_title_hidden":false,"_editorskit_reading_time":0,"_editorskit_is_block_options_detached":false,"_editorskit_block_options_position":"{}","footnotes":""},"class_list":["post-1446","page","type-page","status-publish","hentry"],"acf":[],"_links":{"self":[{"href":"https:\/\/dignitas.ch\/en\/wp-json\/wp\/v2\/pages\/1446","targetHints":{"allow":["GET"]}}],"collection":[{"href":"https:\/\/dignitas.ch\/en\/wp-json\/wp\/v2\/pages"}],"about":[{"href":"https:\/\/dignitas.ch\/en\/wp-json\/wp\/v2\/types\/page"}],"author":[{"embeddable":true,"href":"https:\/\/dignitas.ch\/en\/wp-json\/wp\/v2\/users\/1"}],"replies":[{"embeddable":true,"href":"https:\/\/dignitas.ch\/en\/wp-json\/wp\/v2\/comments?post=1446"}],"version-history":[{"count":39,"href":"https:\/\/dignitas.ch\/en\/wp-json\/wp\/v2\/pages\/1446\/revisions"}],"predecessor-version":[{"id":10457,"href":"https:\/\/dignitas.ch\/en\/wp-json\/wp\/v2\/pages\/1446\/revisions\/10457"}],"up":[{"embeddable":true,"href":"https:\/\/dignitas.ch\/en\/wp-json\/wp\/v2\/pages\/341"}],"wp:attachment":[{"href":"https:\/\/dignitas.ch\/en\/wp-json\/wp\/v2\/media?parent=1446"}],"curies":[{"name":"wp","href":"https:\/\/api.w.org\/{rel}","templated":true}]}}