    {"id":1303,"date":"2023-09-11T10:54:58","date_gmt":"2023-09-11T08:54:58","guid":{"rendered":"https:\/\/dev.dignitas.bertastrasse1.ch\/taetigkeit\/aufklaerung-und-weiterbildung\/referate\/"},"modified":"2025-11-28T13:32:39","modified_gmt":"2025-11-28T12:32:39","slug":"speeches","status":"publish","type":"page","link":"https:\/\/dignitas.ch\/en\/activities\/education-and-training\/speeches\/","title":{"rendered":"Speeches \/ Talks"},"content":{"rendered":"\n<p id=\"speeches-to-top\"><\/p>\n\n\n\n<p class=\"has-small-font-size\"><em>28 November 2025<\/em><\/p>\n\n\n\n<h4 class=\"wp-block-heading\">Case Management Society UK<\/h4>\n\n\n\n<p>9. Study Day \u2013 <a href=\"https:\/\/www.cmsuk.org\/news-and-events\/events\/study-dayexploring-the-complexities-surrounding-a-dignified-death28-11-2025\" target=\"_blank\" rel=\"noreferrer noopener\">Exploring the Complexities Surrounding a Dignified Death<\/a>.<\/p>\n\n\n\n<div class=\"wp-block-file\"><a id=\"wp-block-file--media-18a26a5c-574f-46a2-8c6f-0c479517ea5b\" href=\"https:\/\/dignitas.ch\/wp-content\/uploads\/2025\/11\/20251128-CMS_UK_dignitas.pdf\" target=\"_blank\" rel=\"noreferrer noopener\">Talk and Q &amp; A round (PDF)<\/a><\/div>\n\n\n\n<hr class=\"wp-block-separator has-alpha-channel-opacity\"\/>\n\n\n\n<p class=\"has-small-font-size\"><em>19 February 2025<\/em><\/p>\n\n\n\n<h4 class=\"wp-block-heading\">O.A.T, Lugano<\/h4>\n\n\n\n<p><a href=\"http:\/\/dignitas.ch\/images\/stories\/pdf\/diginpublic\/referat-oat-19022025.pdf\" target=\"_blank\" rel=\"noreferrer noopener\">Talk and Q &amp; A round<\/a><\/p>\n\n\n\n<hr class=\"wp-block-separator has-alpha-channel-opacity\"\/>\n\n\n\n<p class=\"has-small-font-size\"><em>18 October 2024<\/em><\/p>\n\n\n\n<h4 class=\"wp-block-heading\">D\u00e1nara\u00f0sto\u00f0 \u2013 reynsla annarra landa | Assisted dying \u2013 the experience from other countries<\/h4>\n\n\n\n<p>with <a href=\"https:\/\/lifsvirding.is\/index.php\" target=\"_blank\" rel=\"noreferrer noopener\">L\u00edfsvir\u00f0ing, f\u00e9lag um d\u00e1nara\u00f0sto\u00f0<\/a>, <a href=\"https:\/\/www.dyingwithdignity.ca\/\" target=\"_blank\" rel=\"noreferrer noopener\">Dying with Dignity Canada<\/a>, <a href=\"https:\/\/www.nvve.nl\/\" target=\"_blank\" rel=\"noreferrer noopener\">Nederlandse Vereniging voor een Vrijwillig Levenseinde<\/a> and DIGNITAS \u2013 To live with dignity \u2013 To die with dignity, at the <a href=\"https:\/\/www.facebook.com\/lifsvirding\/posts\/pfbid02qoxSneLRvzrn6oEBwnQWw2WaqU3gnEDV4xjrsBwRbod1TEU3HW59wMJ6eGoxWLTUl\" target=\"_blank\" rel=\"noreferrer noopener\">Endurmenntun H\u00e1sk\u00f3la \u00cdslands<\/a>, Reykjavik<\/p>\n\n\n\n<hr class=\"wp-block-separator has-alpha-channel-opacity\"\/>\n\n\n\n<p class=\"has-small-font-size\"><em>6 April 2024<\/em><\/p>\n\n\n\n<h4 class=\"wp-block-heading\">killers in medicine \u2013 unravelling the mysteries of mortality<\/h4>\n\n\n\n<p>Swiss Medical Students Convention 2024, Z\u00fcrich<\/p>\n\n\n\n<hr class=\"wp-block-separator has-alpha-channel-opacity\"\/>\n\n\n\n<p class=\"has-small-font-size\"><em>21 October 2023<\/em><\/p>\n\n\n\n<h4 class=\"wp-block-heading\">End-of-life-choices to safeguard quality of life \u2013 Switzerland as an international role model<\/h4>\n\n\n\n<div class=\"wp-block-media-text is-stacked-on-mobile\" style=\"grid-template-columns:40% auto\"><figure class=\"wp-block-media-text__media\"><img loading=\"lazy\" decoding=\"async\" width=\"1024\" height=\"768\" src=\"https:\/\/dignitas.ch\/wp-content\/uploads\/2025\/04\/20231021dsc14696-1024x768.jpg\" alt=\"\" class=\"wp-image-7961 size-full\" srcset=\"https:\/\/dignitas.ch\/wp-content\/uploads\/2025\/04\/20231021dsc14696-1024x768.jpg 1024w, https:\/\/dignitas.ch\/wp-content\/uploads\/2025\/04\/20231021dsc14696-300x225.jpg 300w, https:\/\/dignitas.ch\/wp-content\/uploads\/2025\/04\/20231021dsc14696-768x576.jpg 768w, https:\/\/dignitas.ch\/wp-content\/uploads\/2025\/04\/20231021dsc14696-1536x1152.jpg 1536w, https:\/\/dignitas.ch\/wp-content\/uploads\/2025\/04\/20231021dsc14696-2048x1536.jpg 2048w\" sizes=\"auto, (max-width: 1024px) 100vw, 1024px\" \/><\/figure><div class=\"wp-block-media-text__content\">\n<p>Swiss Medical Students Convention 2023, Geneva<br><em>Medicine in Movement<\/em><\/p>\n<\/div><\/div>\n\n\n\n<p><a href=\"http:\/\/www.dignitas.ch\/images\/stories\/pdf\/diginpublic\/referat-smsc-21102023.pdf\" target=\"_blank\" rel=\"noreferrer noopener\">Talk and Q &amp; A round<\/a> (PDF)<\/p>\n\n\n\n<hr class=\"wp-block-separator has-alpha-channel-opacity\"\/>\n\n\n\n<p class=\"has-small-font-size\"><em>14 &#8211; 15 June 2023<\/em><\/p>\n\n\n\n<h4 class=\"wp-block-heading\">Seminario Libertad para Morir: por la legalizaci\u00f3n de la eutanasia<\/h4>\n\n\n\n<p><a href=\"http:\/\/www.dignitas.ch\/images\/stories\/pdf\/diginpublic\/referat-libertadparamorir-15062023.pdf\" target=\"_blank\" rel=\"noreferrer noopener\">Talk and Q &amp; A round<\/a><br><a href=\"https:\/\/libertadparamorir.com.mx\/pdf\/Seminario%20programa.pdf\" target=\"_blank\" rel=\"noreferrer noopener\">Seminario Libertad para Morir: por la legalizaci\u00f3n de la eutanasia<\/a>, Mexico<\/p>\n\n\n\n<hr class=\"wp-block-separator has-alpha-channel-opacity\"\/>\n\n\n\n<p class=\"has-small-font-size\"><em>5 June 2023<\/em><\/p>\n\n\n\n<h4 class=\"wp-block-heading\">Young Presidents&#8217; Organization Intercontinental<\/h4>\n\n\n\n<p><a href=\"http:\/\/www.dignitas.ch\/images\/stories\/pdf\/diginpublic\/referat-ypoic-05062023.pdf\" target=\"_blank\" rel=\"noreferrer noopener\">Talk and Q &amp; A round<\/a>&nbsp;with&nbsp;<a href=\"https:\/\/www.ypo.org\/\" target=\"_blank\" rel=\"noreferrer noopener\">YPO IC Young Presidents&#8217; Organization Intercontinental<\/a>&nbsp;(PDF)<\/p>\n\n\n\n<hr class=\"wp-block-separator has-alpha-channel-opacity\"\/>\n\n\n\n<p class=\"has-small-font-size\"><em>24 February 2023<\/em><\/p>\n\n\n\n<h4 class=\"wp-block-heading\">Palliative Care Society at King&#8217;s College<\/h4>\n\n\n\n<p><a href=\"http:\/\/www.dignitas.ch\/images\/stories\/pdf\/diginpublic\/referat-pcskc-london-24022023.pdf\" target=\"_blank\" rel=\"noreferrer noopener\">Talk and Q &amp; A round<\/a>&nbsp;with the&nbsp;Palliative Care Society at King&#8217;s College, London<\/p>\n\n\n\n<hr class=\"wp-block-separator has-alpha-channel-opacity\"\/>\n\n\n\n<p class=\"has-small-font-size\"><em>20 February 2023<\/em><\/p>\n\n\n\n<h4 class=\"wp-block-heading\">Discussion, talk and Q &amp; A round<\/h4>\n\n\n\n<p><a href=\"http:\/\/www.dignitas.ch\/images\/stories\/pdf\/diginpublic\/referat-sihcs-hongkong-20022023.pdf\" target=\"_blank\" rel=\"noreferrer noopener\">Discussion, talk and Q &amp; A round<\/a>&nbsp;with Shatin Integrated Home Care Service, Sheng Kung Hui Welfare Council, and Children &amp; Youth Services, Hong Kong<\/p>\n\n\n\n<hr class=\"wp-block-separator has-alpha-channel-opacity\"\/>\n\n\n\n<p class=\"has-small-font-size\"><em>8 February 2023<\/em><\/p>\n\n\n\n<h4 class=\"wp-block-heading\">Talk and Q &amp; A round<\/h4>\n\n\n\n<p><a href=\"http:\/\/www.dignitas.ch\/images\/stories\/pdf\/diginpublic\/referat-columbiauni-08022023.pdf\" target=\"_blank\" rel=\"noreferrer noopener\">Talk and Q &amp; A round<\/a>&nbsp;with the&nbsp;<a href=\"https:\/\/death.universityseminars.columbia.edu\/\" target=\"_blank\" rel=\"noreferrer noopener\">Columbia University Seminar on Death<\/a>, New York<\/p>\n\n\n\n<hr class=\"wp-block-separator has-alpha-channel-opacity\"\/>\n\n\n\n<p class=\"has-small-font-size\"><em>31 August 2022<\/em><\/p>\n\n\n\n<h4 class=\"wp-block-heading\">Kursus om d\u00f8den i kulturel sammenh\u00e6ng<\/h4>\n\n\n\n<p><a href=\"http:\/\/www.dignitas.ch\/images\/stories\/pdf\/diginpublic\/referat-dansketnomedicalsociety-31082022.pdf\" target=\"_blank\" rel=\"noreferrer noopener\">Talk and discussion round<\/a> for Danish medical doctors for a course about death perception in cultural context, Dansk Etnomedical society<\/p>\n\n\n\n<hr class=\"wp-block-separator has-alpha-channel-opacity\"\/>\n\n\n\n<p class=\"has-small-font-size\"><em>8 June 2022<\/em><\/p>\n\n\n\n<h4 class=\"wp-block-heading\">Talk and Q &amp; A round<\/h4>\n\n\n\n<p><a href=\"http:\/\/www.dignitas.ch\/images\/stories\/pdf\/diginpublic\/referat-rotary-08062022.pdf\" target=\"_blank\" rel=\"noreferrer noopener\">Talk and Q &amp; A round at the Rotary Club Zurich International<\/a><\/p>\n\n\n\n<hr class=\"wp-block-separator has-alpha-channel-opacity\"\/>\n\n\n\n<p class=\"has-small-font-size\"><em>15 May 2022<\/em><\/p>\n\n\n\n<h4 class=\"wp-block-heading\"><strong>&#8220;Going to Switzerland&#8221;<\/strong><\/h4>\n\n\n\n<h4 class=\"wp-block-heading\">Talk and Q &amp; A round<\/h4>\n\n\n\n<p><a href=\"http:\/\/www.dignitas.ch\/images\/stories\/pdf\/diginpublic\/referat-hemlocksandiego-15052022.pdf\" target=\"_blank\" rel=\"noreferrer noopener\">Talk and Q &amp; A round<\/a> with members of the Hemlock Society of San Diego, California<\/p>\n\n\n\n<hr class=\"wp-block-separator has-alpha-channel-opacity\"\/>\n\n\n\n<p class=\"has-small-font-size\"><em>12 March 2022<\/em><\/p>\n\n\n\n<h4 class=\"wp-block-heading\">EUMANS! 1st Open Congress of citizens for sustainable peace, freedom, and democracy<\/h4>\n\n\n\n<p><a href=\"http:\/\/www.dignitas.ch\/images\/stories\/pdf\/diginpublic\/referat-eumans-12032022.pdf\" target=\"_blank\" rel=\"noreferrer noopener\">Reader to complement the talk of DIGNITAS<\/a> (PDF)<br>Website of the <a href=\"https:\/\/eumans.eu\/eumansinwarsaw\" target=\"_blank\" rel=\"noreferrer noopener\">EUMANS! Congress in Warsaw<\/a>, Poland<br><a href=\"https:\/\/www.youtube.com\/embed\/FJ8SVbQGJtw?start=2470&amp;autoplay=1&amp;width=700&amp;height=394&amp;iframe=true\" target=\"_blank\" rel=\"noreferrer noopener\">Video<\/a> of the talk<\/p>\n\n\n\n<p><a href=\"https:\/\/www.eumans.eu\/who-eumans-are\/\" target=\"_blank\" rel=\"noreferrer noopener\">EUMANS! <\/a>are citizens and activists from all around Europe engaged in a bottom-up political mobilization for socially and democratically sustainable EU policies. The idea to join efforts and act together is by Marco Cappato, a former MEP and nonviolent leader in Italy.<\/p>\n\n\n\n<hr class=\"wp-block-separator has-alpha-channel-opacity\"\/>\n\n\n\n<p class=\"has-small-font-size\"><em>26 November 2021<\/em><\/p>\n\n\n\n<h4 class=\"wp-block-heading\">Care, Choice and Planning ahead for quality of life until the end \u2013 including the Swiss \u2018model\u2019 of physician-supported accompanied suicides and the DIGNITAS&nbsp;approach<\/h4>\n\n\n\n<p>1st Croatian student symposium of bioethics, School of Medicine, University of Zagreb.<\/p>\n\n\n\n<p><a href=\"http:\/\/www.dignitas.ch\/images\/stories\/pdf\/diginpublic\/referat-cssb-26112021.pdf\" target=\"_blank\" rel=\"noreferrer noopener\">Reader to complement the talk and Q &amp; A round<\/a> (PDF)<\/p>\n\n\n\n<hr class=\"wp-block-separator has-alpha-channel-opacity\"\/>\n\n\n\n<p class=\"has-small-font-size\"><em>4 November 2021<\/em><\/p>\n\n\n\n<h4 class=\"wp-block-heading\">End of life choices and planning ahead for quality of life until the end<\/h4>\n\n\n\n<p>The DIGNITAS&nbsp;approach &amp; Swiss system<\/p>\n\n\n\n<p>Talk and discussion with members of Rotaract Z\u00fcrich International<\/p>\n\n\n\n<hr class=\"wp-block-separator has-alpha-channel-opacity\"\/>\n\n\n\n<p class=\"has-small-font-size\"><em>8 July 2021<\/em><\/p>\n\n\n\n<h4 class=\"wp-block-heading\">Cracking the taboo on suicide is the best means to prevent suicide attempts and deaths by suicide<\/h4>\n\n\n\n<p>In the 21st century, we have something better to offer than leaving our fellow human beings to jump in front of a train or shoot or poison themselves. Really caring forpeople means taking their wishes seriously, meeting them at eye level. People contemplating suicide deserve respect, care, compassion, taboo-free communication, and safe, legal end-of-life options. Not belittling them as vulnerable. Not labelling them as mentally ill and potentially incompetent. Not upholding the taboo on suicide and the end of life.<\/p>\n\n\n\n<div class=\"wp-block-media-text is-stacked-on-mobile\"><figure class=\"wp-block-media-text__media\"><img loading=\"lazy\" decoding=\"async\" width=\"1024\" height=\"768\" src=\"https:\/\/dignitas.ch\/wp-content\/uploads\/2025\/04\/20210708dsc13179-1024x768.jpg\" alt=\"\" class=\"wp-image-7968 size-full\" srcset=\"https:\/\/dignitas.ch\/wp-content\/uploads\/2025\/04\/20210708dsc13179-1024x768.jpg 1024w, https:\/\/dignitas.ch\/wp-content\/uploads\/2025\/04\/20210708dsc13179-300x225.jpg 300w, https:\/\/dignitas.ch\/wp-content\/uploads\/2025\/04\/20210708dsc13179-768x576.jpg 768w, https:\/\/dignitas.ch\/wp-content\/uploads\/2025\/04\/20210708dsc13179-1536x1152.jpg 1536w, https:\/\/dignitas.ch\/wp-content\/uploads\/2025\/04\/20210708dsc13179.jpg 1824w\" sizes=\"auto, (max-width: 1024px) 100vw, 1024px\" \/><\/figure><div class=\"wp-block-media-text__content\">\n<p><a href=\"https:\/\/www.ted.com\/tedx\/events\/47419\" target=\"_blank\" rel=\"noreferrer noopener\">TEDxZurich Salon \u201cTalking Taboos\u201d<\/a><\/p>\n<\/div><\/div>\n\n\n\n<p><a href=\"http:\/\/www.dignitas.ch\/images\/stories\/pdf\/diginpublic\/referat-tedxzurich-08072021.pdf\" target=\"_blank\" rel=\"noreferrer noopener\">Script<\/a> (PDF)<\/p>\n\n\n\n<hr class=\"wp-block-separator has-alpha-channel-opacity\"\/>\n\n\n\n<p class=\"has-small-font-size\"><em>3 March 2021<\/em><\/p>\n\n\n\n<h4 class=\"wp-block-heading\">Sanctity of Life and Death with Dignity<\/h4>\n\n\n\n<p>Talk and Q &amp; A round with participants of The Harvard College in Asia Program (HCAP), from the Universities of Tokyo, Leiden and Geneva&nbsp;<a href=\"https:\/\/thehub.college.harvard.edu\/organization\/harvard-college-in-asia-program\" target=\"_blank\" rel=\"noreferrer noopener\">(HCAP)<\/a>.<\/p>\n\n\n\n<hr class=\"wp-block-separator has-alpha-channel-opacity\"\/>\n\n\n\n<p class=\"has-small-font-size\"><em>25 February 2020<\/em><\/p>\n\n\n\n<h4 class=\"wp-block-heading\">Care and choice in life and at life\u2019s end: The DIGNITAS\u2019 approach &amp; Swiss system<\/h4>\n\n\n\n<p><a href=\"http:\/\/www.dignitas.ch\/images\/stories\/pdf\/diginpublic\/referat-indianauniversity-25022020.pdf\" target=\"_blank\" rel=\"noreferrer noopener\">Talk and discussion<\/a> with executive students of the Kelley School of Business, Indiana University, USA; coursework Business of Medicine Physician MBA, Global Healthcare Experience in Switzerland &amp; The Netherlands.<\/p>\n\n\n\n<hr class=\"wp-block-separator has-alpha-channel-opacity\"\/>\n\n\n\n<p class=\"has-small-font-size\"><em>11 September 2019<\/em><\/p>\n\n\n\n<h4 class=\"wp-block-heading\">Jersey: Assisted Dying Debate<\/h4>\n\n\n\n<p><a href=\"http:\/\/www.dignitas.ch\/images\/stories\/pdf\/diginpublic\/referat-jersey-11092019.pdf\" target=\"_blank\" rel=\"noreferrer noopener\">Motion \u201cthat Jersey should enact assisted dying legislation\u201d<\/a> (PDF)<\/p>\n\n\n\n<hr class=\"wp-block-separator has-alpha-channel-opacity\"\/>\n\n\n\n<p class=\"has-small-font-size\"><em>30 March 2019<\/em><\/p>\n\n\n\n<h4 class=\"wp-block-heading\">The Swiss system of assisted dying \u2013 and beyond<\/h4>\n\n\n\n<p>Talk and discussion at the annual meeting of <a href=\"https:\/\/www.rtvd.nu\/\" target=\"_blank\" rel=\"noreferrer noopener\">RTVD R\u00e4tten Till en V\u00e4rdig D\u00f6d<\/a>, the Swedish right-to-die organisation, Stockholm.<\/p>\n\n\n\n<hr class=\"wp-block-separator has-alpha-channel-opacity\"\/>\n\n\n\n<p class=\"has-small-font-size\"><em>23 November 2018<\/em><\/p>\n\n\n\n<h4 class=\"wp-block-heading\">Time is running \u2013 do we need to catch up?&nbsp;<\/h4>\n\n\n\n<p>Care and choice in life and at life\u2019s end<\/p>\n\n\n\n<p>Speech and discussion at the docnet Symposium, Doctoral Network at the University of St. Gallen.<\/p>\n\n\n\n<hr class=\"wp-block-separator has-alpha-channel-opacity\"\/>\n\n\n\n<p class=\"has-small-font-size\"><em>4 October 2018<\/em><\/p>\n\n\n\n<h4 class=\"wp-block-heading\">Talk and discussion<\/h4>\n\n\n\n<p>Talk and discussion together with Dr Luthman and Dr Jersild by invitation of Prof Ludvigsson, Professor at the Karolinska Institutet and pediatrician, at \u00d6rebro University Hospital, Sweden<\/p>\n\n\n\n<hr class=\"wp-block-separator has-alpha-channel-opacity\"\/>\n\n\n\n<p class=\"has-small-font-size\"><em>11 September 2017<\/em><\/p>\n\n\n\n<h4 class=\"wp-block-heading\">Kursus om d\u00f8den i kulturel sammenh\u00e6ng<\/h4>\n\n\n\n<p>Talk and discussion round for Danish family physicians for a course about death perception in cultural context, Danish Etnomedical Society<\/p>\n\n\n\n<hr class=\"wp-block-separator has-alpha-channel-opacity\"\/>\n\n\n\n<p class=\"has-small-font-size\"><em>9 January 2017<\/em><\/p>\n\n\n\n<h4 class=\"wp-block-heading\">DIGNITAS\u2019 advisory work \u2013 Plan ahead and prepare \u2013 The Swiss model of assisted dying<\/h4>\n\n\n\n<p><a href=\"http:\/\/www.dignitas.ch\/images\/stories\/pdf\/diginpublic\/referat-stmoritz-09012017.pdf\" target=\"_blank\" rel=\"noreferrer noopener\">Speech and discussion for Australian physicians and lawyers in St. Moritz<\/a><\/p>\n\n\n\n<hr class=\"wp-block-separator has-alpha-channel-opacity\"\/>\n\n\n\n<p class=\"has-small-font-size\"><em>14 November 2016<\/em><\/p>\n\n\n\n<h4 class=\"wp-block-heading\">DIGNITAS\u2019 advisory work and more to safeguard quality of life<\/h4>\n\n\n\n<p><a href=\"http:\/\/www.dignitas.ch\/images\/stories\/pdf\/diginpublic\/referat-step-14112016.pdf\" target=\"_blank\" rel=\"noreferrer noopener\">Reader\/brochure to complement the speech<\/a> (PDF)<br><a href=\"https:\/\/www.step.org\/\" target=\"_blank\" rel=\"noreferrer noopener\">STEP \u2013 The Society of Trust and Estate Practitioners<\/a><br><a href=\"http:\/\/www.cvent.com\/events\/special-interest-spotlight-sessions-2016\/custom-35-d09e0994b4a64263b045c8ba10d6207a.aspx\" target=\"_blank\" rel=\"noreferrer noopener\">2016 Special Interest Spotlight Session. End of Life Issues: Law and Practice<\/a><\/p>\n\n\n\n<hr class=\"wp-block-separator has-alpha-channel-opacity\"\/>\n\n\n\n<p class=\"has-small-font-size\"><em>28 April 2016<\/em><\/p>\n\n\n\n<h4 class=\"wp-block-heading\">VI. Konference Neuropsychiatrick\u00e9ho F\u00f3ra, Praha, Czechia<\/h4>\n\n\n\n<p><a href=\"http:\/\/www.dignitas.ch\/images\/stories\/pdf\/diginpublic\/referat-neuropsychiatricke-forum-praha-28042016.pdf\" target=\"_blank\" rel=\"noreferrer noopener\">Booklet<\/a> to complement the speech of DIGNITAS&nbsp;(PDF)<br><a href=\"https:\/\/npforum.eu\/neuropsychiatricke-forum\/\" target=\"_blank\" rel=\"noreferrer noopener\">Website<\/a> of the Neuropsychiatrick\u00e9 F\u00f3rum<br><a href=\"https:\/\/radiozurnal.rozhlas.cz\/pravnik-spolecnosti-dignitas-o-asistovane-sebevrazde-lekarskou-pomoci-muze-byt-i-6239393\" target=\"_blank\" rel=\"noreferrer noopener\">Interview<\/a> by Vojt\u011bch Berger Czech Radio \u010cesk\u00fd rozhlas, Radio\u017eurn\u00e1l<\/p>\n\n\n\n<hr class=\"wp-block-separator has-alpha-channel-opacity\"\/>\n\n\n\n<p class=\"has-small-font-size\"><em>26 January 2016<\/em><\/p>\n\n\n\n<h4 class=\"wp-block-heading\">Bristol Museum &amp; Art Gallery<\/h4>\n\n\n\n<p>Assisted Dying Panel debate to coincide with the opening of the exhibition death: is it your right to choose?<\/p>\n\n\n\n<p><a href=\"http:\/\/www.dignitas.ch\/images\/stories\/pdf\/diginpublic\/referat-bristol-museum-26012016.pdf\" target=\"_blank\" rel=\"noreferrer noopener\">Speech and slides of DIGNITAS<\/a> (PDF)<\/p>\n\n\n\n<hr class=\"wp-block-separator has-alpha-channel-opacity\"\/>\n\n\n\n<p class=\"has-small-font-size\"><em>21 July 2014<\/em><\/p>\n\n\n\n<h4 class=\"wp-block-heading\">How DIGNITAS safeguards the quality of life through comprehensive and open-outcome counselling<\/h4>\n\n\n\n<p>Speech and discussion at the ETH Sustainability Summer School 2014 on Future Health: Technology and innovation<\/p>\n\n\n\n<hr class=\"wp-block-separator has-alpha-channel-opacity\"\/>\n\n\n\n<p class=\"has-small-font-size\"><em>14 November 2013<\/em><\/p>\n\n\n\n<h4 class=\"wp-block-heading\">\u201eAssisted Suicide (Scotland) BilL\u201d<\/h4>\n\n\n\n<p>In Scotland, parliament member Margo MacDonald presented a revised proposal for an \u201eAssisted Suicide (Scotland) BilL\u201d, to make it lawful, in certain circumstances, to assist another to commit suicide; and for connected purposes.<\/p>\n\n\n\n<p><a href=\"http:\/\/www.scottish.parliament.uk\/parliamentarybusiness\/Bills\/69604.aspx\" target=\"_blank\" rel=\"noreferrer noopener\">Details of the Bill&nbsp;(Link to the website of the Scottish Parliament)<\/a><br><a href=\"http:\/\/www.dignitas.ch\/images\/stories\/pdf\/diginpublic\/referat-asbill-edinburgh-14112013.pdf\" target=\"_blank\" rel=\"noreferrer noopener\">Speech of DIGNITAS, at the press launch in Edinburgh<\/a> (PDF)<\/p>\n\n\n\n<hr class=\"wp-block-separator has-alpha-channel-opacity\"\/>\n\n\n\n<p class=\"has-small-font-size\"><em>2 November 2012<\/em><\/p>\n\n\n\n<h4 class=\"wp-block-heading\">World Dignity in Dying Day 2012<\/h4>\n\n\n\n<p><a href=\"http:\/\/www.dignitas.ch\/images\/stories\/pdf\/diginpublic\/referat-conference-assisted-dying-edinburgh-02112012.pdf\" target=\"_blank\" rel=\"noreferrer noopener\">Speech<\/a> of Ludwig A. Minelli at the Conference on Assisted Dying at the Royal Society of Edinburgh.<\/p>\n\n\n\n<hr class=\"wp-block-separator has-alpha-channel-opacity\"\/>\n\n\n\n<p class=\"has-small-font-size\"><em>1 November 2012<\/em><\/p>\n\n\n\n<h4 class=\"wp-block-heading\">Work methods and experiences of self-determined end of life in Switzerland<\/h4>\n\n\n\n<p><a href=\"http:\/\/www.dignitas.ch\/images\/stories\/pdf\/diginpublic\/referat-nvve-levenseindekliniek-01112012.pdf\" target=\"_blank\" rel=\"noreferrer noopener\">Speech<\/a> of Sandra Martino at a NVVE (Nederlandse Vereniging Voor Een Vrijwillig Levenseinde) Congress.<\/p>\n\n\n\n<hr class=\"wp-block-separator has-alpha-channel-opacity\"\/>\n\n\n\n<p class=\"has-small-font-size\"><em>26 October 2012<\/em><\/p>\n\n\n\n<h4 class=\"wp-block-heading\">DIGNITAS and the right to live and die in dignity &#8211; Fourteen years of efforts in suicide attempt prevention, pro life, pro choice and pro assisted dying<\/h4>\n\n\n\n<p><a href=\"http:\/\/www.dignitas.ch\/images\/stories\/pdf\/diginpublic\/referat-third-soars-lecture-london-26102012.pdf\" target=\"_blank\" rel=\"noreferrer noopener\">Speech<\/a> (PDF) at a SOARS (Society for Old Age Rational Suicide) and Friends At The End (FATE) meeting and the Third Annual SOARS Lecture.<\/p>\n\n\n\n<hr class=\"wp-block-separator has-alpha-channel-opacity\"\/>\n\n\n\n<p class=\"has-small-font-size\"><em>15 June 2012<\/em><\/p>\n\n\n\n<h4 class=\"wp-block-heading\">Suicide-Prevention must be complemented by Suicide-Attempt-Prevention<\/h4>\n\n\n\n<p><a href=\"http:\/\/www.dignitas.ch\/images\/stories\/pdf\/diginpublic\/referat-wf-kongress-suizidversuche-e-15062012.pdf\" target=\"_blank\" rel=\"noreferrer noopener\">Speech<\/a> (PDF) of Ludwig A. Minelli on this issue at the congress of the World Federation of Right-to-Die Societies in Z\u00fcrich.<\/p>\n\n\n\n<hr class=\"wp-block-separator has-alpha-channel-opacity\"\/>\n\n\n\n<p class=\"has-small-font-size\"><em>1 December 2007<\/em><\/p>\n\n\n\n<h4 class=\"wp-block-heading\">DIGNITAS in Switzerland \u2013 its philosophy, the legal situation, actual problems, and possibilities for Britons who wish to end their lives<\/h4>\n\n\n\n<p><a href=\"http:\/\/www.dignitas.ch\/images\/stories\/pdf\/diginpublic\/referat-dignitas-in-switzerland-fate-01122007.pdf\" target=\"_blank\" rel=\"noreferrer noopener\">Speech<\/a> (PDF) of&nbsp;Ludwig A. Minelli on this issue at a meeting of&nbsp;&#8216;FATE &#8211; Friends At The End&#8217; in London. <\/p>\n\n\n\n<hr class=\"wp-block-separator has-alpha-channel-opacity\"\/>\n\n\n\n<p class=\"has-small-font-size\"><em>5 July 2007<\/em><\/p>\n\n\n\n<h4 class=\"wp-block-heading\">The decision of the Swiss Federal Court of November 3, 2006, the negative reactions of the world of medicine, and its consequences<\/h4>\n\n\n\n<p>Ludwig A. Minelli <a href=\"http:\/\/www.dignitas.ch\/images\/stories\/pdf\/diginpublic\/referat-alde-hearing-05072007.pdf\" target=\"_blank\" rel=\"noreferrer noopener\">at the congress<\/a> (PDF) of the \u201cLiberal and Radical Fraction\u201d of the European Parliament in Bruxelles.<\/p>\n\n\n\n<hr class=\"wp-block-separator has-alpha-channel-opacity\"\/>\n\n\n\n<p class=\"has-small-font-size\"><em>20 September 2006<\/em><\/p>\n\n\n\n<h4 class=\"wp-block-heading\">Some information about DIGNITAS<\/h4>\n\n\n\n<p><a href=\"http:\/\/www.dignitas.ch\/images\/stories\/pdf\/diginpublic\/referat-some-information-about-dignitas-liberalparty-20092006.pdf\" target=\"_blank\" rel=\"noreferrer noopener\">Speech<\/a> (PDF) of&nbsp;Ludwig A. Minelli at the&nbsp;&#8216;Liberal Party Convention&#8217; in Brighton.<\/p>\n\n\n\n<hr class=\"wp-block-separator has-alpha-channel-opacity\"\/>\n\n\n\n<p class=\"has-small-font-size\"><em>6 November 2005<\/em><\/p>\n\n\n\n<h4 class=\"wp-block-heading\">Video conference Z\u00fcrich &#8211; Brisbane<\/h4>\n\n\n\n<p>Third biannual meeting of&nbsp;&#8216;exit International&#8217; (Australia) in Brisbane; Speech of&nbsp;Ludwig A. Minelli<object type=\"application\/x-shockwave-flash\" data=\"http:\/\/www.dignitas.ch\/plugins\/content\/jw_allvideos\/includes\/players\/mediaplayer\/player.swf\"><\/object><\/p>\n\n\n\n<hr class=\"wp-block-separator has-alpha-channel-opacity\"\/>\n\n\n\n<p class=\"has-small-font-size\"><em>20 October 2004<\/em><\/p>\n\n\n\n<h4 class=\"wp-block-heading\">That this Motion would legalise Euthanasia<\/h4>\n\n\n\n<p>Ludwig A. Minelli <a href=\"http:\/\/www.dignitas.ch\/images\/stories\/pdf\/diginpublic\/referat-that-this-motion-would-legalise-dublin-20102004.pdf\" target=\"_blank\" rel=\"noreferrer noopener\">to the \u201cLiterary &amp; Historical Society\u201d<\/a> in Dublin.<\/p>\n\n\n\n<hr class=\"wp-block-separator has-alpha-channel-opacity\"\/>\n\n\n\n<p class=\"has-small-font-size\"><em><a href=\"#speeches-to-top\">to top<\/a><\/em><\/p>\n\n\n\n<p><\/p>\n","protected":false},"excerpt":{"rendered":"<p>28 November 2025 Case Management Society UK 9. Study Day \u2013 Exploring the Complexities Surrounding a Dignified Death. 19 February 2025 O.A.T, Lugano Talk and Q &amp; A round 18 October 2024 D\u00e1nara\u00f0sto\u00f0 \u2013 reynsla annarra landa | Assisted dying \u2013 the experience from other countries with L\u00edfsvir\u00f0ing, f\u00e9lag um d\u00e1nara\u00f0sto\u00f0, Dying with Dignity Canada, [&hellip;]<\/p>\n","protected":false},"author":1,"featured_media":0,"parent":320,"menu_order":0,"comment_status":"closed","ping_status":"closed","template":"","meta":{"_acf_changed":false,"_editorskit_title_hidden":false,"_editorskit_reading_time":0,"_editorskit_is_block_options_detached":false,"_editorskit_block_options_position":"{}","footnotes":""},"class_list":["post-1303","page","type-page","status-publish","hentry"],"acf":[],"_links":{"self":[{"href":"https:\/\/dignitas.ch\/en\/wp-json\/wp\/v2\/pages\/1303","targetHints":{"allow":["GET"]}}],"collection":[{"href":"https:\/\/dignitas.ch\/en\/wp-json\/wp\/v2\/pages"}],"about":[{"href":"https:\/\/dignitas.ch\/en\/wp-json\/wp\/v2\/types\/page"}],"author":[{"embeddable":true,"href":"https:\/\/dignitas.ch\/en\/wp-json\/wp\/v2\/users\/1"}],"replies":[{"embeddable":true,"href":"https:\/\/dignitas.ch\/en\/wp-json\/wp\/v2\/comments?post=1303"}],"version-history":[{"count":32,"href":"https:\/\/dignitas.ch\/en\/wp-json\/wp\/v2\/pages\/1303\/revisions"}],"predecessor-version":[{"id":10648,"href":"https:\/\/dignitas.ch\/en\/wp-json\/wp\/v2\/pages\/1303\/revisions\/10648"}],"up":[{"embeddable":true,"href":"https:\/\/dignitas.ch\/en\/wp-json\/wp\/v2\/pages\/320"}],"wp:attachment":[{"href":"https:\/\/dignitas.ch\/en\/wp-json\/wp\/v2\/media?parent=1303"}],"curies":[{"name":"wp","href":"https:\/\/api.w.org\/{rel}","templated":true}]}}